{"id":987,"date":"2020-06-13T17:34:46","date_gmt":"2020-06-13T15:34:46","guid":{"rendered":"https:\/\/moritzfaehse.de\/werbefotografie\/?page_id=987"},"modified":"2023-01-06T12:50:07","modified_gmt":"2023-01-06T11:50:07","slug":"anfrage-werbefotografie","status":"publish","type":"page","link":"https:\/\/www.moritzfaehse.de\/werbefotografie\/anfrage-werbefotografie\/","title":{"rendered":"Anfrage Werbefotografie"},"content":{"rendered":"<p><div class=\"fusion-fullwidth fullwidth-box fusion-builder-row-1 hundred-percent-fullwidth non-hundred-percent-height-scrolling fusion-equal-height-columns mobile-tiles\" style=\"--awb-border-radius-top-left:0px;--awb-border-radius-top-right:0px;--awb-border-radius-bottom-right:0px;--awb-border-radius-bottom-left:0px;--awb-padding-right:5%;--awb-padding-left:5%;--awb-flex-wrap:wrap;\" ><div class=\"fusion-builder-row fusion-row\"><div class=\"fusion-layout-column fusion_builder_column fusion-builder-column-0 fusion_builder_column_1_3 1_3 fusion-one-third fusion-column-first mobile-single-tile\" style=\"--awb-padding-top:20vw;--awb-padding-right:1%;--awb-padding-bottom:0px;--awb-padding-left:1%;--awb-bg-image:url(&#039;https:\/\/moritzfaehse.de\/werbefotografie\/wp-content\/uploads\/2020\/06\/unternehmens-fotografie-image-aufnahmen-team-001-1200x800.jpg&#039;);--awb-bg-position:center center;--awb-bg-size:cover;--awb-border-color:#757575;--awb-border-top:1px;--awb-border-right:1px;--awb-border-bottom:1px;--awb-border-left:1px;--awb-border-style:solid;width:33.3333333333%;width:calc(33.3333333333% - ( ( 1px + 1px ) * 0.333333333333 ) );margin-right: 1px;\"><div class=\"fusion-column-wrapper fusion-column-has-shadow fusion-flex-column-wrapper-legacy fusion-empty-column-bg-image fusion-column-has-bg-image\" data-bg-url=\"https:\/\/moritzfaehse.de\/werbefotografie\/wp-content\/uploads\/2020\/06\/unternehmens-fotografie-image-aufnahmen-team-001-1200x800.jpg\"><div class=\"fusion-column-content-centered\"><div class=\"fusion-column-content\"><img decoding=\"async\" class=\"fusion-empty-dims-img-placeholder fusion-no-large-visibility\" src=\"data:image\/gif;base64,R0lGODlhAQABAAAAACH5BAEKAAEALAAAAAABAAEAAAICTAEAOw==\"><\/div><\/div><div class=\"fusion-clearfix\"><\/div><\/div><\/div><div class=\"fusion-layout-column fusion_builder_column fusion-builder-column-1 fusion_builder_column_1_3 1_3 fusion-one-third fusion-no-small-visibility fusion-no-medium-visibility\" style=\"--awb-padding-top:20vw;--awb-padding-right:1%;--awb-padding-bottom:0px;--awb-padding-left:1%;--awb-bg-image:url(&#039;https:\/\/moritzfaehse.de\/werbefotografie\/wp-content\/uploads\/2020\/06\/produkt-fotografie-image-nrw-niedersachsen-800x640.jpg&#039;);--awb-bg-position:center center;--awb-bg-size:cover;--awb-border-color:#757575;--awb-border-top:1px;--awb-border-right:1px;--awb-border-bottom:1px;--awb-border-left:1px;--awb-border-style:solid;width:33.3333333333%;width:calc(33.3333333333% - ( ( 1px + 1px ) * 0.333333333333 ) );margin-right: 1px;\"><div class=\"fusion-column-wrapper fusion-column-has-shadow fusion-flex-column-wrapper-legacy fusion-empty-column-bg-image fusion-column-has-bg-image\" data-bg-url=\"https:\/\/moritzfaehse.de\/werbefotografie\/wp-content\/uploads\/2020\/06\/produkt-fotografie-image-nrw-niedersachsen-800x640.jpg\"><div class=\"fusion-column-content-centered\"><div class=\"fusion-column-content\"><img decoding=\"async\" class=\"fusion-empty-dims-img-placeholder fusion-no-large-visibility\" src=\"data:image\/gif;base64,R0lGODlhAQABAAAAACH5BAEKAAEALAAAAAABAAEAAAICTAEAOw==\"><\/div><\/div><div class=\"fusion-clearfix\"><\/div><\/div><\/div><div class=\"fusion-layout-column fusion_builder_column fusion-builder-column-2 fusion_builder_column_1_3 1_3 fusion-one-third fusion-column-last fusion-no-small-visibility fusion-no-medium-visibility\" style=\"--awb-padding-top:20vw;--awb-padding-right:1%;--awb-padding-bottom:0px;--awb-padding-left:1%;--awb-bg-image:url(&#039;https:\/\/moritzfaehse.de\/werbefotografie\/wp-content\/uploads\/2020\/06\/architektur-interieur-fotografie-hamburg-\u00fcbersee-quartier-haltestelle-002-1200x960.jpg&#039;);--awb-bg-position:center center;--awb-bg-size:cover;--awb-border-color:#757575;--awb-border-top:1px;--awb-border-right:1px;--awb-border-bottom:1px;--awb-border-left:1px;--awb-border-style:solid;width:33.3333333333%;width:calc(33.3333333333% - ( ( 1px + 1px ) * 0.333333333333 ) );\"><div class=\"fusion-column-wrapper fusion-column-has-shadow fusion-flex-column-wrapper-legacy fusion-empty-column-bg-image fusion-column-has-bg-image\" data-bg-url=\"https:\/\/moritzfaehse.de\/werbefotografie\/wp-content\/uploads\/2020\/06\/architektur-interieur-fotografie-hamburg-\u00fcbersee-quartier-haltestelle-002-1200x960.jpg\"><div class=\"fusion-column-content-centered\"><div class=\"fusion-column-content\"><img decoding=\"async\" class=\"fusion-empty-dims-img-placeholder fusion-no-large-visibility\" src=\"data:image\/gif;base64,R0lGODlhAQABAAAAACH5BAEKAAEALAAAAAABAAEAAAICTAEAOw==\"><\/div><\/div><div class=\"fusion-clearfix\"><\/div><\/div><\/div><\/div><\/div><div class=\"fusion-fullwidth fullwidth-box fusion-builder-row-2 nonhundred-percent-fullwidth non-hundred-percent-height-scrolling\" style=\"--awb-border-radius-top-left:0px;--awb-border-radius-top-right:0px;--awb-border-radius-bottom-right:0px;--awb-border-radius-bottom-left:0px;--awb-padding-right:0px;--awb-padding-left:0px;--awb-margin-bottom:20px;--awb-flex-wrap:wrap;\" ><div class=\"fusion-builder-row fusion-row\"><div class=\"fusion-layout-column fusion_builder_column fusion-builder-column-3 fusion_builder_column_1_1 1_1 fusion-one-full fusion-column-first fusion-column-last\" style=\"--awb-padding-top:5%;--awb-padding-right:5%;--awb-padding-bottom:5%;--awb-padding-left:5%;--awb-bg-size:cover;--awb-border-color:#757575;--awb-border-top:1px;--awb-border-right:1px;--awb-border-bottom:1px;--awb-border-left:1px;--awb-border-style:solid;--awb-margin-bottom:0px;\"><div class=\"fusion-column-wrapper fusion-column-has-shadow fusion-flex-column-wrapper-legacy\"><div class=\"fusion-text fusion-text-1 txt-smaller\"><h1 style=\"text-align: center;\">Wir freuen uns auf Ihre Anfrage!<\/h1>\n<p class=\"description\" style=\"text-align: center;\">Gerne unterbreiten wir Ihnen kostenlos ein unverbindliches Angebot f\u00fcr Ihre Anfrage. Wir m\u00f6chten Sie daf\u00fcr bitten, das folgende Formular auszuf\u00fcllen und uns so viele Informationen wie m\u00f6glich zu nennen. Je besser wir uns Ihre Ideen vorstellen k\u00f6nnen, desto besser und pr\u00e4ziser wird unser Angebot f\u00fcr Sie.<\/p>\n<\/div><div class=\"fusion-clearfix\"><\/div><\/div><\/div><\/div><\/div><div class=\"fusion-fullwidth fullwidth-box fusion-builder-row-3 nonhundred-percent-fullwidth non-hundred-percent-height-scrolling\" style=\"--awb-border-radius-top-left:0px;--awb-border-radius-top-right:0px;--awb-border-radius-bottom-right:0px;--awb-border-radius-bottom-left:0px;--awb-padding-right:0px;--awb-padding-left:0px;--awb-margin-bottom:2%;--awb-flex-wrap:wrap;\" ><div class=\"fusion-builder-row fusion-row\"><div class=\"fusion-layout-column fusion_builder_column fusion-builder-column-4 fusion_builder_column_1_1 1_1 fusion-one-full fusion-column-first fusion-column-last\" style=\"--awb-padding-top:5%;--awb-padding-right:5%;--awb-padding-bottom:5%;--awb-padding-left:5%;--awb-bg-color:rgba(252,252,252,0.9);--awb-bg-color-hover:rgba(252,252,252,0.9);--awb-bg-size:cover;--awb-border-color:#757575;--awb-border-top:1px;--awb-border-right:1px;--awb-border-bottom:1px;--awb-border-left:1px;--awb-border-style:solid;--awb-margin-bottom:0px;\"><div class=\"fusion-column-wrapper fusion-column-has-shadow fusion-flex-column-wrapper-legacy\"><div class=\"fusion-text fusion-text-2 txt-smaller\"><h2 style=\"text-align: center;\">Fordern Sie hier Ihr pers\u00f6nliches Angebot an<\/h2>\n<p class=\"description\" style=\"text-align: center;\">Alle Felder mit einem (*) werden ben\u00f6tigt, die anderen sind optional.\u00a0Bitte beschreiben Sie uns Ihr Projekt so genau wie m\u00f6glich. Je mehr Informationen wir bereits bekommen, desto pr\u00e4ziser k\u00f6nnen wir Ihr Angebot bereits erstellen.<\/p>\n<\/div><div class=\"fusion-sep-clear\"><\/div><div class=\"fusion-separator fusion-has-icon\" style=\"margin-left: auto;margin-right: auto;margin-top:2%;margin-bottom:3%;width:100%;max-width:60%;\"><div class=\"fusion-separator-border sep-single sep-solid\" style=\"--awb-height:20px;--awb-amount:20px;--awb-sep-color:#ffa569;border-color:#ffa569;border-top-width:1px;\"><\/div><span class=\"icon-wrapper\" style=\"border-color:#ffa569;background-color:#ffffff;font-size:20px;width: 1.75em; height: 1.75em;border-width:1px;padding:1px;margin-top:-0.5px\"><i class=\"fa-file-invoice fas\" style=\"font-size: inherit;color:#ffa569;\" aria-hidden=\"true\"><\/i><\/span><div class=\"fusion-separator-border sep-single sep-solid\" style=\"--awb-height:20px;--awb-amount:20px;--awb-sep-color:#ffa569;border-color:#ffa569;border-top-width:1px;\"><\/div><\/div><div class=\"fusion-sep-clear\"><\/div><div class=\"js-hm-form\" id=\"kreativmanagement\" data-theme=\"modern\" data-form-id=\"78225f2c-ac4f-4b16-9c30-55213dca101a\"><\/div><script src=\"https:\/\/app.kreativ.management:443\/ContactForm\/GetContactFormWidget\"><\/script><div class=\"fusion-clearfix\"><\/div><\/div><\/div><\/div><\/div><\/p>\n","protected":false},"excerpt":{"rendered":"","protected":false},"author":1,"featured_media":0,"parent":0,"menu_order":0,"comment_status":"closed","ping_status":"closed","template":"100-width.php","meta":{"footnotes":""},"class_list":["post-987","page","type-page","status-publish","hentry"],"yoast_head":"<!-- This site is optimized with the Yoast SEO plugin v27.5 - https:\/\/yoast.com\/product\/yoast-seo-wordpress\/ -->\n<title>Anfrage Werbefotografie - Moritz F\u00e4hse Photography<\/title>\n<meta name=\"description\" content=\"Schicken Sie uns hier eine Anfrage und Sie erhalten von uns so schnell wie m\u00f6glich Ihr pers\u00f6nliches, individuelles Angebot f\u00fcr moderne Werbeaufnahmen.\" \/>\n<meta name=\"robots\" content=\"index, follow, max-snippet:-1, max-image-preview:large, max-video-preview:-1\" \/>\n<link rel=\"canonical\" href=\"https:\/\/www.moritzfaehse.de\/werbefotografie\/anfrage-werbefotografie\/\" \/>\n<meta property=\"og:locale\" content=\"de_DE\" \/>\n<meta property=\"og:type\" content=\"article\" \/>\n<meta property=\"og:title\" content=\"Anfrage Werbefotografie - Moritz F\u00e4hse Photography\" \/>\n<meta property=\"og:description\" content=\"Schicken Sie uns hier eine Anfrage und Sie erhalten von uns so schnell wie m\u00f6glich Ihr pers\u00f6nliches, individuelles Angebot f\u00fcr moderne Werbeaufnahmen.\" \/>\n<meta property=\"og:url\" content=\"https:\/\/www.moritzfaehse.de\/werbefotografie\/anfrage-werbefotografie\/\" \/>\n<meta property=\"og:site_name\" content=\"Moritz F\u00e4hse Photography\" \/>\n<meta property=\"article:modified_time\" content=\"2023-01-06T11:50:07+00:00\" \/>\n<meta property=\"og:image\" content=\"https:\/\/www.moritzfaehse.de\/werbefotografie\/wp-content\/uploads\/2020\/06\/architektur-interieur-fotografie-hamburg-uebersee-quartier-haltestelle-002-1920x.jpg\" \/>\n\t<meta property=\"og:image:width\" content=\"1920\" \/>\n\t<meta property=\"og:image:height\" content=\"1536\" \/>\n\t<meta property=\"og:image:type\" content=\"image\/jpeg\" \/>\n<meta name=\"twitter:card\" content=\"summary_large_image\" \/>\n<meta name=\"twitter:label1\" content=\"Gesch\u00e4tzte Lesezeit\" \/>\n\t<meta name=\"twitter:data1\" content=\"9\u00a0Minuten\" \/>\n<script type=\"application\/ld+json\" class=\"yoast-schema-graph\">{\"@context\":\"https:\\\/\\\/schema.org\",\"@graph\":[{\"@type\":\"WebPage\",\"@id\":\"https:\\\/\\\/www.moritzfaehse.de\\\/werbefotografie\\\/anfrage-werbefotografie\\\/\",\"url\":\"https:\\\/\\\/www.moritzfaehse.de\\\/werbefotografie\\\/anfrage-werbefotografie\\\/\",\"name\":\"Anfrage Werbefotografie - Moritz F\u00e4hse Photography\",\"isPartOf\":{\"@id\":\"https:\\\/\\\/www.moritzfaehse.de\\\/werbefotografie\\\/#website\"},\"datePublished\":\"2020-06-13T15:34:46+00:00\",\"dateModified\":\"2023-01-06T11:50:07+00:00\",\"description\":\"Schicken Sie uns hier eine Anfrage und Sie erhalten von uns so schnell wie m\u00f6glich Ihr pers\u00f6nliches, individuelles Angebot f\u00fcr moderne Werbeaufnahmen.\",\"breadcrumb\":{\"@id\":\"https:\\\/\\\/www.moritzfaehse.de\\\/werbefotografie\\\/anfrage-werbefotografie\\\/#breadcrumb\"},\"inLanguage\":\"de\",\"potentialAction\":[{\"@type\":\"ReadAction\",\"target\":[\"https:\\\/\\\/www.moritzfaehse.de\\\/werbefotografie\\\/anfrage-werbefotografie\\\/\"]}]},{\"@type\":\"BreadcrumbList\",\"@id\":\"https:\\\/\\\/www.moritzfaehse.de\\\/werbefotografie\\\/anfrage-werbefotografie\\\/#breadcrumb\",\"itemListElement\":[{\"@type\":\"ListItem\",\"position\":1,\"name\":\"Startseite\",\"item\":\"https:\\\/\\\/www.moritzfaehse.de\\\/werbefotografie\\\/\"},{\"@type\":\"ListItem\",\"position\":2,\"name\":\"Anfrage Werbefotografie\"}]},{\"@type\":\"WebSite\",\"@id\":\"https:\\\/\\\/www.moritzfaehse.de\\\/werbefotografie\\\/#website\",\"url\":\"https:\\\/\\\/www.moritzfaehse.de\\\/werbefotografie\\\/\",\"name\":\"Moritz F\u00e4hse Photography\",\"description\":\"Werbefotografie im M\u00fcnsterland\",\"publisher\":{\"@id\":\"https:\\\/\\\/www.moritzfaehse.de\\\/werbefotografie\\\/#organization\"},\"potentialAction\":[{\"@type\":\"SearchAction\",\"target\":{\"@type\":\"EntryPoint\",\"urlTemplate\":\"https:\\\/\\\/www.moritzfaehse.de\\\/werbefotografie\\\/?s={search_term_string}\"},\"query-input\":{\"@type\":\"PropertyValueSpecification\",\"valueRequired\":true,\"valueName\":\"search_term_string\"}}],\"inLanguage\":\"de\"},{\"@type\":\"Organization\",\"@id\":\"https:\\\/\\\/www.moritzfaehse.de\\\/werbefotografie\\\/#organization\",\"name\":\"Moritz F\u00e4hse Photography |\u00a0Werbefotografie im M\u00fcnsterland\",\"url\":\"https:\\\/\\\/www.moritzfaehse.de\\\/werbefotografie\\\/\",\"logo\":{\"@type\":\"ImageObject\",\"inLanguage\":\"de\",\"@id\":\"https:\\\/\\\/www.moritzfaehse.de\\\/werbefotografie\\\/#\\\/schema\\\/logo\\\/image\\\/\",\"url\":\"https:\\\/\\\/www.moritzfaehse.de\\\/werbefotografie\\\/wp-content\\\/uploads\\\/2020\\\/06\\\/moritz-fa\u0308hse-photography-logo-1000.png\",\"contentUrl\":\"https:\\\/\\\/www.moritzfaehse.de\\\/werbefotografie\\\/wp-content\\\/uploads\\\/2020\\\/06\\\/moritz-fa\u0308hse-photography-logo-1000.png\",\"width\":1000,\"height\":71,\"caption\":\"Moritz F\u00e4hse Photography |\u00a0Werbefotografie im M\u00fcnsterland\"},\"image\":{\"@id\":\"https:\\\/\\\/www.moritzfaehse.de\\\/werbefotografie\\\/#\\\/schema\\\/logo\\\/image\\\/\"}}]}<\/script>\n<!-- \/ Yoast SEO plugin. -->","yoast_head_json":{"title":"Anfrage Werbefotografie - Moritz F\u00e4hse Photography","description":"Schicken Sie uns hier eine Anfrage und Sie erhalten von uns so schnell wie m\u00f6glich Ihr pers\u00f6nliches, individuelles Angebot f\u00fcr moderne Werbeaufnahmen.","robots":{"index":"index","follow":"follow","max-snippet":"max-snippet:-1","max-image-preview":"max-image-preview:large","max-video-preview":"max-video-preview:-1"},"canonical":"https:\/\/www.moritzfaehse.de\/werbefotografie\/anfrage-werbefotografie\/","og_locale":"de_DE","og_type":"article","og_title":"Anfrage Werbefotografie - Moritz F\u00e4hse Photography","og_description":"Schicken Sie uns hier eine Anfrage und Sie erhalten von uns so schnell wie m\u00f6glich Ihr pers\u00f6nliches, individuelles Angebot f\u00fcr moderne Werbeaufnahmen.","og_url":"https:\/\/www.moritzfaehse.de\/werbefotografie\/anfrage-werbefotografie\/","og_site_name":"Moritz F\u00e4hse Photography","article_modified_time":"2023-01-06T11:50:07+00:00","og_image":[{"width":1920,"height":1536,"url":"https:\/\/www.moritzfaehse.de\/werbefotografie\/wp-content\/uploads\/2020\/06\/architektur-interieur-fotografie-hamburg-uebersee-quartier-haltestelle-002-1920x.jpg","type":"image\/jpeg"}],"twitter_card":"summary_large_image","twitter_misc":{"Gesch\u00e4tzte Lesezeit":"9\u00a0Minuten"},"schema":{"@context":"https:\/\/schema.org","@graph":[{"@type":"WebPage","@id":"https:\/\/www.moritzfaehse.de\/werbefotografie\/anfrage-werbefotografie\/","url":"https:\/\/www.moritzfaehse.de\/werbefotografie\/anfrage-werbefotografie\/","name":"Anfrage Werbefotografie - Moritz F\u00e4hse Photography","isPartOf":{"@id":"https:\/\/www.moritzfaehse.de\/werbefotografie\/#website"},"datePublished":"2020-06-13T15:34:46+00:00","dateModified":"2023-01-06T11:50:07+00:00","description":"Schicken Sie uns hier eine Anfrage und Sie erhalten von uns so schnell wie m\u00f6glich Ihr pers\u00f6nliches, individuelles Angebot f\u00fcr moderne Werbeaufnahmen.","breadcrumb":{"@id":"https:\/\/www.moritzfaehse.de\/werbefotografie\/anfrage-werbefotografie\/#breadcrumb"},"inLanguage":"de","potentialAction":[{"@type":"ReadAction","target":["https:\/\/www.moritzfaehse.de\/werbefotografie\/anfrage-werbefotografie\/"]}]},{"@type":"BreadcrumbList","@id":"https:\/\/www.moritzfaehse.de\/werbefotografie\/anfrage-werbefotografie\/#breadcrumb","itemListElement":[{"@type":"ListItem","position":1,"name":"Startseite","item":"https:\/\/www.moritzfaehse.de\/werbefotografie\/"},{"@type":"ListItem","position":2,"name":"Anfrage Werbefotografie"}]},{"@type":"WebSite","@id":"https:\/\/www.moritzfaehse.de\/werbefotografie\/#website","url":"https:\/\/www.moritzfaehse.de\/werbefotografie\/","name":"Moritz F\u00e4hse Photography","description":"Werbefotografie im M\u00fcnsterland","publisher":{"@id":"https:\/\/www.moritzfaehse.de\/werbefotografie\/#organization"},"potentialAction":[{"@type":"SearchAction","target":{"@type":"EntryPoint","urlTemplate":"https:\/\/www.moritzfaehse.de\/werbefotografie\/?s={search_term_string}"},"query-input":{"@type":"PropertyValueSpecification","valueRequired":true,"valueName":"search_term_string"}}],"inLanguage":"de"},{"@type":"Organization","@id":"https:\/\/www.moritzfaehse.de\/werbefotografie\/#organization","name":"Moritz F\u00e4hse Photography |\u00a0Werbefotografie im M\u00fcnsterland","url":"https:\/\/www.moritzfaehse.de\/werbefotografie\/","logo":{"@type":"ImageObject","inLanguage":"de","@id":"https:\/\/www.moritzfaehse.de\/werbefotografie\/#\/schema\/logo\/image\/","url":"https:\/\/www.moritzfaehse.de\/werbefotografie\/wp-content\/uploads\/2020\/06\/moritz-fa\u0308hse-photography-logo-1000.png","contentUrl":"https:\/\/www.moritzfaehse.de\/werbefotografie\/wp-content\/uploads\/2020\/06\/moritz-fa\u0308hse-photography-logo-1000.png","width":1000,"height":71,"caption":"Moritz F\u00e4hse Photography |\u00a0Werbefotografie im M\u00fcnsterland"},"image":{"@id":"https:\/\/www.moritzfaehse.de\/werbefotografie\/#\/schema\/logo\/image\/"}}]}},"_links":{"self":[{"href":"https:\/\/www.moritzfaehse.de\/werbefotografie\/wp-json\/wp\/v2\/pages\/987","targetHints":{"allow":["GET"]}}],"collection":[{"href":"https:\/\/www.moritzfaehse.de\/werbefotografie\/wp-json\/wp\/v2\/pages"}],"about":[{"href":"https:\/\/www.moritzfaehse.de\/werbefotografie\/wp-json\/wp\/v2\/types\/page"}],"author":[{"embeddable":true,"href":"https:\/\/www.moritzfaehse.de\/werbefotografie\/wp-json\/wp\/v2\/users\/1"}],"replies":[{"embeddable":true,"href":"https:\/\/www.moritzfaehse.de\/werbefotografie\/wp-json\/wp\/v2\/comments?post=987"}],"version-history":[{"count":12,"href":"https:\/\/www.moritzfaehse.de\/werbefotografie\/wp-json\/wp\/v2\/pages\/987\/revisions"}],"predecessor-version":[{"id":1508,"href":"https:\/\/www.moritzfaehse.de\/werbefotografie\/wp-json\/wp\/v2\/pages\/987\/revisions\/1508"}],"wp:attachment":[{"href":"https:\/\/www.moritzfaehse.de\/werbefotografie\/wp-json\/wp\/v2\/media?parent=987"}],"curies":[{"name":"wp","href":"https:\/\/api.w.org\/{rel}","templated":true}]}}