{"id":281,"date":"2020-05-13T13:15:40","date_gmt":"2020-05-13T11:15:40","guid":{"rendered":"https:\/\/moritzfaehse.de\/werbefotografie\/?page_id=281"},"modified":"2020-06-22T20:57:04","modified_gmt":"2020-06-22T18:57:04","slug":"eventfotografie","status":"publish","type":"page","link":"https:\/\/www.moritzfaehse.de\/werbefotografie\/eventfotografie\/","title":{"rendered":"Eventfotografie"},"content":{"rendered":"<p><div class=\"fusion-fullwidth fullwidth-box fusion-builder-row-1 hundred-percent-fullwidth non-hundred-percent-height-scrolling fusion-equal-height-columns mobile-tiles\" style=\"--awb-border-radius-top-left:0px;--awb-border-radius-top-right:0px;--awb-border-radius-bottom-right:0px;--awb-border-radius-bottom-left:0px;--awb-padding-right:5%;--awb-padding-left:5%;--awb-flex-wrap:wrap;\" ><div class=\"fusion-builder-row fusion-row\"><div class=\"fusion-layout-column fusion_builder_column fusion-builder-column-0 fusion_builder_column_1_3 1_3 fusion-one-third fusion-column-first mobile-single-tile\" style=\"--awb-padding-top:20vw;--awb-padding-right:1%;--awb-padding-bottom:0px;--awb-padding-left:1%;--awb-bg-image:url(&#039;https:\/\/moritzfaehse.de\/werbefotografie\/wp-content\/uploads\/2020\/06\/event-fotografie-reportage-firmenfeier-workshop-001-1200x800.jpg&#039;);--awb-bg-position:center center;--awb-bg-size:cover;--awb-border-color:#757575;--awb-border-top:1px;--awb-border-right:1px;--awb-border-bottom:1px;--awb-border-left:1px;--awb-border-style:solid;width:33.3333333333%;width:calc(33.3333333333% - ( ( 20px + 20px ) * 0.333333333333 ) );margin-right: 20px;\"><div class=\"fusion-column-wrapper fusion-column-has-shadow fusion-flex-column-wrapper-legacy fusion-empty-column-bg-image fusion-column-has-bg-image\" data-bg-url=\"https:\/\/moritzfaehse.de\/werbefotografie\/wp-content\/uploads\/2020\/06\/event-fotografie-reportage-firmenfeier-workshop-001-1200x800.jpg\"><div class=\"fusion-column-content-centered\"><div class=\"fusion-column-content\"><img decoding=\"async\" class=\"fusion-empty-dims-img-placeholder fusion-no-large-visibility\" src=\"data:image\/gif;base64,R0lGODlhAQABAAAAACH5BAEKAAEALAAAAAABAAEAAAICTAEAOw==\"><\/div><\/div><div class=\"fusion-clearfix\"><\/div><\/div><\/div><div class=\"fusion-layout-column fusion_builder_column fusion-builder-column-1 fusion_builder_column_1_3 1_3 fusion-one-third fusion-no-small-visibility fusion-no-medium-visibility\" style=\"--awb-padding-top:20vw;--awb-padding-right:1%;--awb-padding-bottom:0px;--awb-padding-left:1%;--awb-bg-image:url(&#039;https:\/\/moritzfaehse.de\/werbefotografie\/wp-content\/uploads\/2020\/06\/event-fotografie-reportage-firmenfeier-workshop-002-1200x800.jpg&#039;);--awb-bg-position:center center;--awb-bg-size:cover;--awb-border-color:#757575;--awb-border-top:1px;--awb-border-right:1px;--awb-border-bottom:1px;--awb-border-left:1px;--awb-border-style:solid;width:33.3333333333%;width:calc(33.3333333333% - ( ( 20px + 20px ) * 0.333333333333 ) );margin-right: 20px;\"><div class=\"fusion-column-wrapper fusion-column-has-shadow fusion-flex-column-wrapper-legacy fusion-empty-column-bg-image fusion-column-has-bg-image\" data-bg-url=\"https:\/\/moritzfaehse.de\/werbefotografie\/wp-content\/uploads\/2020\/06\/event-fotografie-reportage-firmenfeier-workshop-002-1200x800.jpg\"><div class=\"fusion-column-content-centered\"><div class=\"fusion-column-content\"><img decoding=\"async\" class=\"fusion-empty-dims-img-placeholder fusion-no-large-visibility\" src=\"data:image\/gif;base64,R0lGODlhAQABAAAAACH5BAEKAAEALAAAAAABAAEAAAICTAEAOw==\"><\/div><\/div><div class=\"fusion-clearfix\"><\/div><\/div><\/div><div class=\"fusion-layout-column fusion_builder_column fusion-builder-column-2 fusion_builder_column_1_3 1_3 fusion-one-third fusion-column-last fusion-no-small-visibility fusion-no-medium-visibility\" style=\"--awb-padding-top:20vw;--awb-padding-right:1%;--awb-padding-bottom:0px;--awb-padding-left:1%;--awb-bg-image:url(&#039;https:\/\/moritzfaehse.de\/werbefotografie\/wp-content\/uploads\/2020\/06\/event-fotografie-reportage-firmenfeier-workshop-003-1200x800.jpg&#039;);--awb-bg-position:center center;--awb-bg-size:cover;--awb-border-color:#757575;--awb-border-top:1px;--awb-border-right:1px;--awb-border-bottom:1px;--awb-border-left:1px;--awb-border-style:solid;width:33.3333333333%;width:calc(33.3333333333% - ( ( 20px + 20px ) * 0.333333333333 ) );\"><div class=\"fusion-column-wrapper fusion-column-has-shadow fusion-flex-column-wrapper-legacy fusion-empty-column-bg-image fusion-column-has-bg-image\" data-bg-url=\"https:\/\/moritzfaehse.de\/werbefotografie\/wp-content\/uploads\/2020\/06\/event-fotografie-reportage-firmenfeier-workshop-003-1200x800.jpg\"><div class=\"fusion-column-content-centered\"><div class=\"fusion-column-content\"><img decoding=\"async\" class=\"fusion-empty-dims-img-placeholder fusion-no-large-visibility\" src=\"data:image\/gif;base64,R0lGODlhAQABAAAAACH5BAEKAAEALAAAAAABAAEAAAICTAEAOw==\"><\/div><\/div><div class=\"fusion-clearfix\"><\/div><\/div><\/div><\/div><\/div><div class=\"fusion-fullwidth fullwidth-box fusion-builder-row-2 hundred-percent-fullwidth non-hundred-percent-height-scrolling fusion-equal-height-columns reverse-cols mobile-tiles\" style=\"--awb-border-radius-top-left:0px;--awb-border-radius-top-right:0px;--awb-border-radius-bottom-right:0px;--awb-border-radius-bottom-left:0px;--awb-padding-right:5%;--awb-padding-left:5%;--awb-margin-top:0px;--awb-margin-bottom:0px;--awb-flex-wrap:wrap;\" ><div class=\"fusion-builder-row fusion-row\"><div class=\"fusion-layout-column fusion_builder_column fusion-builder-column-3 fusion_builder_column_1_1 1_1 fusion-one-full fusion-column-first fusion-column-last\" style=\"--awb-padding-top:5%;--awb-padding-right:10%;--awb-padding-bottom:5%;--awb-padding-left:10%;--awb-bg-size:cover;--awb-border-color:#757575;--awb-border-top:1px;--awb-border-right:1px;--awb-border-bottom:1px;--awb-border-left:1px;--awb-border-style:solid;\"><div class=\"fusion-column-wrapper fusion-column-has-shadow fusion-flex-column-wrapper-legacy\"><div class=\"fusion-column-content-centered\"><div class=\"fusion-column-content\"><div class=\"fusion-text fusion-text-1 txt-smaller\"><h1 style=\"text-align: center;\">Eventfotografie: Stimmungsvolle, lebendige Dokumentation Ihrer Veranstaltung<\/h1>\n<\/div><div class=\"fusion-text fusion-text-2\"><p>Ganz gleich ob es sich bei Ihrer Veranstaltung um Ihre allj\u00e4hrliche Firmenfeier, eine gro\u00dfe Konferenz oder eine internationale Fachmesse handelt, als Eventfotograf begleiten wir Sie dabei zuverl\u00e4ssig und unauff\u00e4llig, um Sie und Ihre G\u00e4ste nicht zu st\u00f6ren.<\/p>\n<\/div><\/div><\/div><div class=\"fusion-clearfix\"><\/div><\/div><\/div><\/div><\/div><div class=\"fusion-fullwidth fullwidth-box fusion-builder-row-3 hundred-percent-fullwidth non-hundred-percent-height-scrolling fusion-equal-height-columns reverse-cols mobile-tiles\" style=\"--awb-border-radius-top-left:0px;--awb-border-radius-top-right:0px;--awb-border-radius-bottom-right:0px;--awb-border-radius-bottom-left:0px;--awb-padding-right:5%;--awb-padding-left:5%;--awb-flex-wrap:wrap;\" ><div class=\"fusion-builder-row fusion-row\"><div class=\"fusion-layout-column fusion_builder_column fusion-builder-column-4 fusion_builder_column_3_5 3_5 fusion-three-fifth fusion-column-first\" style=\"--awb-padding-top:10%;--awb-padding-right:10%;--awb-padding-bottom:10%;--awb-padding-left:10%;--awb-bg-size:cover;--awb-border-color:#757575;--awb-border-top:1px;--awb-border-right:1px;--awb-border-bottom:1px;--awb-border-left:1px;--awb-border-style:solid;width:60%;width:calc(60% - ( ( 1% ) * 0.6 ) );margin-right: 1%;\"><div class=\"fusion-column-wrapper fusion-column-has-shadow fusion-flex-column-wrapper-legacy\"><div class=\"fusion-column-content-centered\"><div class=\"fusion-column-content\"><div class=\"fusion-title title fusion-title-1 fusion-sep-none fusion-title-text fusion-title-size-three\" style=\"--awb-margin-top-small:0px;--awb-margin-right-small:0px;--awb-margin-bottom-small:20px;--awb-margin-left-small:0px;--awb-font-size:25px;\"><h3 class=\"fusion-title-heading title-heading-left fusion-responsive-typography-calculated\" style=\"font-family:&quot;Montserrat&quot;;font-style:normal;font-weight:500;margin:0;font-size:1em;--fontSize:25;line-height:1.3;\"><p class=\"p1\">Emotionale Momente, das Ambiente &amp; die Atmosph\u00e4re Ihrer Veranstaltung im Mittelpunkt<\/p><\/h3><\/div><div class=\"fusion-sep-clear\"><\/div><div class=\"fusion-separator fusion-full-width-sep\" style=\"margin-left: auto;margin-right: auto;margin-top:2%;width:100%;\"><\/div><div class=\"fusion-sep-clear\"><\/div><div class=\"fusion-text fusion-text-3\"><p>Mit unserer Eventfotografie begleiten wir f\u00fcr Sie alle Veranstaltungen, die \u00fcber Ihren \u00fcblichen Alltag hinausgehen. Unabh\u00e4ngig von der Art des Events gibt es meistens eine Vielzahl m\u00f6glicher Verwendungen professioneller Eventfotos, um gleich mehrfach Nutzen aus der Veranstaltung zu ziehen.<\/p>\n<p>Typische Anl\u00e4sse f\u00fcr die Eventfotografie sind unter anderem:<\/p>\n<ul>\n<li>Tagungen &amp; Messen<\/li>\n<li>Verkaufsveranstaltungen<\/li>\n<li>Firmeninterne Workshops<\/li>\n<li>Produktpr\u00e4sentationen<\/li>\n<li>Preisverleihungen &amp; Ehrungen<\/li>\n<li>das Firmenjubil\u00e4um<\/li>\n<li>Festivals &amp; Konzerte (z.B. Sponsorings)<\/li>\n<li>Sportveranstaltungen mit Sponsorings<\/li>\n<\/ul>\n<\/div><\/div><\/div><div class=\"fusion-clearfix\"><\/div><\/div><\/div><div class=\"fusion-layout-column fusion_builder_column fusion-builder-column-5 fusion_builder_column_2_5 2_5 fusion-two-fifth fusion-column-last tiles-styling\" style=\"--awb-bg-image:url(&#039;https:\/\/moritzfaehse.de\/werbefotografie\/wp-content\/uploads\/2020\/06\/event-fotografie-reportage-firmenfeier-workshop-001-1200x800.jpg&#039;);--awb-bg-position:center center;--awb-bg-size:cover;width:40%;width:calc(40% - ( ( 1% ) * 0.4 ) );\"><div class=\"fusion-column-wrapper fusion-column-has-shadow fusion-flex-column-wrapper-legacy fusion-empty-column-bg-image fusion-column-has-bg-image\" data-bg-url=\"https:\/\/moritzfaehse.de\/werbefotografie\/wp-content\/uploads\/2020\/06\/event-fotografie-reportage-firmenfeier-workshop-001-1200x800.jpg\"><img decoding=\"async\" class=\"fusion-empty-dims-img-placeholder fusion-no-large-visibility\" src=\"data:image\/gif;base64,R0lGODlhAQABAAAAACH5BAEKAAEALAAAAAABAAEAAAICTAEAOw==\"><div class=\"fusion-clearfix\"><\/div><\/div><\/div><\/div><\/div><div class=\"fusion-fullwidth fullwidth-box fusion-builder-row-4 hundred-percent-fullwidth non-hundred-percent-height-scrolling fusion-equal-height-columns mobile-tiles\" style=\"--awb-border-radius-top-left:0px;--awb-border-radius-top-right:0px;--awb-border-radius-bottom-right:0px;--awb-border-radius-bottom-left:0px;--awb-padding-right:5%;--awb-padding-left:5%;--awb-flex-wrap:wrap;\" ><div class=\"fusion-builder-row fusion-row\"><div class=\"fusion-layout-column fusion_builder_column fusion-builder-column-6 fusion_builder_column_2_5 2_5 fusion-two-fifth fusion-column-first tiles-styling background-px75\" style=\"--awb-bg-image:url(&#039;https:\/\/moritzfaehse.de\/werbefotografie\/wp-content\/uploads\/2020\/06\/business-fotograf-unternehmer-people-shooting-010-1200x800.jpg&#039;);--awb-bg-position:center center;--awb-bg-size:cover;width:40%;width:calc(40% - ( ( 1% ) * 0.4 ) );margin-right: 1%;\"><div class=\"fusion-column-wrapper fusion-column-has-shadow fusion-flex-column-wrapper-legacy fusion-empty-column-bg-image fusion-column-has-bg-image\" data-bg-url=\"https:\/\/moritzfaehse.de\/werbefotografie\/wp-content\/uploads\/2020\/06\/business-fotograf-unternehmer-people-shooting-010-1200x800.jpg\"><img decoding=\"async\" class=\"fusion-empty-dims-img-placeholder fusion-no-large-visibility\" src=\"data:image\/gif;base64,R0lGODlhAQABAAAAACH5BAEKAAEALAAAAAABAAEAAAICTAEAOw==\"><div class=\"fusion-clearfix\"><\/div><\/div><\/div><div class=\"fusion-layout-column fusion_builder_column fusion-builder-column-7 fusion_builder_column_3_5 3_5 fusion-three-fifth fusion-column-last\" style=\"--awb-padding-top:10%;--awb-padding-right:10%;--awb-padding-bottom:10%;--awb-padding-left:10%;--awb-bg-size:cover;--awb-border-color:#828282;--awb-border-top:1px;--awb-border-right:1px;--awb-border-bottom:1px;--awb-border-left:1px;--awb-border-style:solid;width:60%;width:calc(60% - ( ( 1% ) * 0.6 ) );\"><div class=\"fusion-column-wrapper fusion-column-has-shadow fusion-flex-column-wrapper-legacy\"><div class=\"fusion-column-content-centered\"><div class=\"fusion-column-content\"><div class=\"fusion-title title fusion-title-2 fusion-sep-none fusion-title-text fusion-title-size-three\" style=\"--awb-margin-top-small:0px;--awb-margin-right-small:0px;--awb-margin-bottom-small:20px;--awb-margin-left-small:0px;--awb-font-size:25px;\"><h3 class=\"fusion-title-heading title-heading-left fusion-responsive-typography-calculated\" style=\"font-family:&quot;Montserrat&quot;;font-style:normal;font-weight:500;margin:0;font-size:1em;--fontSize:25;line-height:1.3;\">Mobiles Fotostudio &amp; Photo Booth: Schnelle, aber hochwertige Portraits Ihrer G\u00e4ste gew\u00fcnscht?<\/h3><\/div><div class=\"fusion-sep-clear\"><\/div><div class=\"fusion-separator fusion-full-width-sep\" style=\"margin-left: auto;margin-right: auto;margin-top:2%;width:100%;\"><\/div><div class=\"fusion-sep-clear\"><\/div><div class=\"fusion-text fusion-text-4\"><p>F\u00fcr das gewisse Extra bringen wir gerne unser mobiles Fotostudio oder unsere professionelle Fotobox zu Ihrem Event mit. So lassen sich neben der Reportagefotografie zur emotionalen Dokumentation der Veranstaltung auch hochwertige Portraitfotos und Gruppenbilder wie im Fotostudio machen.<\/p>\n<p>Der Unterschied zwischen mobilem Studio und Fotobox liegt in der Art, wie Ihre Teilnehmer und G\u00e4ste fotografiert werden. W\u00e4hrend sich die Nutzer der Fotobox selbst fotografieren \u00fcbernimmt beim mobilen Fotostudio ein Fotograf die Aufnahmen. Obwohl beide L\u00f6sungen schon einen hohen Spa\u00dffaktor haben, eignet sich die Fotobox noch besser f\u00fcr lustige Bilder nebenbei und das Fotostudio eher dann, wenn das Event seri\u00f6ser sein soll oder beispielsweise einheitliche Bilder als Ergebnis gew\u00fcnscht werden. So haben wir f\u00fcr jede Art von Event die richtige fotografische Erg\u00e4nzung f\u00fcr Sie.<\/p>\n<p>Sowohl mit unserem mobilen Fotostudio als auch in Verbindung mit unserer Fotobox bieten wir Ihnen die M\u00f6glichkeit, Bilder mit unserem extrem schnellen Fotodrucker direkt vor Ort zu drucken und Ihren G\u00e4sten mitzugeben oder eine gro\u00dfe Collage zu erstellen. Au\u00dferdem stehen unz\u00e4hlige, n\u00fctzliche Erweiterungen wie Hintergr\u00fcnde und die M\u00f6glichkeit, beispielsweise Ihr Logo in die Bilder einzuf\u00fcgen, zur Verf\u00fcgung.<\/p>\n<\/div><\/div><\/div><div class=\"fusion-clearfix\"><\/div><\/div><\/div><\/div><\/div><div class=\"fusion-fullwidth fullwidth-box fusion-builder-row-5 hundred-percent-fullwidth non-hundred-percent-height-scrolling fusion-equal-height-columns reverse-cols mobile-tiles\" style=\"--awb-border-radius-top-left:0px;--awb-border-radius-top-right:0px;--awb-border-radius-bottom-right:0px;--awb-border-radius-bottom-left:0px;--awb-padding-right:5%;--awb-padding-left:5%;--awb-flex-wrap:wrap;\" ><div class=\"fusion-builder-row fusion-row\"><div class=\"fusion-layout-column fusion_builder_column fusion-builder-column-8 fusion_builder_column_3_5 3_5 fusion-three-fifth fusion-column-first\" style=\"--awb-padding-top:10%;--awb-padding-right:10%;--awb-padding-bottom:10%;--awb-padding-left:10%;--awb-bg-size:cover;--awb-border-color:#828282;--awb-border-top:1px;--awb-border-right:1px;--awb-border-bottom:1px;--awb-border-left:1px;--awb-border-style:solid;width:60%;width:calc(60% - ( ( 1% ) * 0.6 ) );margin-right: 1%;\"><div class=\"fusion-column-wrapper fusion-column-has-shadow fusion-flex-column-wrapper-legacy\"><div class=\"fusion-column-content-centered\"><div class=\"fusion-column-content\"><div class=\"fusion-title title fusion-title-3 fusion-sep-none fusion-title-text fusion-title-size-three\" style=\"--awb-margin-top-small:0px;--awb-margin-right-small:0px;--awb-margin-bottom-small:20px;--awb-margin-left-small:0px;--awb-font-size:25px;\"><h3 class=\"fusion-title-heading title-heading-left fusion-responsive-typography-calculated\" style=\"font-family:&quot;Montserrat&quot;;font-style:normal;font-weight:500;margin:0;font-size:1em;--fontSize:25;line-height:1.3;\">Lebendige Eventfotografie f\u00fcr Ihre Veranstaltung &#8211; Im M\u00fcnsterland, NRW, Niedersachsen &amp; Bundesweit<\/h3><\/div><div class=\"fusion-sep-clear\"><\/div><div class=\"fusion-separator fusion-full-width-sep\" style=\"margin-left: auto;margin-right: auto;margin-top:2%;width:100%;\"><\/div><div class=\"fusion-sep-clear\"><\/div><div class=\"fusion-text fusion-text-5\"><p>Als Eventfotograf im M\u00fcnsterland richtet sich unser Angebot ganz besonders an Unternehmen in der Region, Osnabr\u00fcck, M\u00fcnster &amp; Bielefeld, jedoch sind wir auch in ganz NRW &amp; Niedersachsen schnell vor Ort. Um eine bestm\u00f6gliche, einheitliche Bildsprache aus einer Hand auch f\u00fcr Unternehmen mit unterschiedlichen Standorten m\u00f6glich zu machen, kommen wir gerne auch bundesweit zu Ihnen, genau da wo Sie uns brauchen.<\/p>\n<p>Unser Team ist besonders flexibel aufgestellt um kosteng\u00fcnstig auch in gr\u00f6\u00dferer Entfernung fotografieren zu k\u00f6nnen. Unsere Reisekosten halten wir dabei bewusst so gering wie m\u00f6glich. W\u00e4hrend es sich f\u00fcr eine kurze Events nur in den seltensten F\u00e4llen lohnt, einen Fotografen mehrere hundert Kilometer herkommen zu lassen, sieht das bei etwas gr\u00f6\u00dferen Projekten schnell anders aus. Sie bekommen jederzeit ein individuelles Angebot von uns, kostenlos &amp; unverbindlich!<\/p>\n<\/div><\/div><\/div><div class=\"fusion-clearfix\"><\/div><\/div><\/div><div class=\"fusion-layout-column fusion_builder_column fusion-builder-column-9 fusion_builder_column_2_5 2_5 fusion-two-fifth fusion-column-last tiles-styling\" style=\"--awb-bg-image:url(&#039;https:\/\/moritzfaehse.de\/werbefotografie\/wp-content\/uploads\/2020\/06\/event-fotografie-reportage-firmenfeier-workshop-002-1200x800.jpg&#039;);--awb-bg-position:center center;--awb-bg-size:cover;width:40%;width:calc(40% - ( ( 1% ) * 0.4 ) );\"><div class=\"fusion-column-wrapper fusion-column-has-shadow fusion-flex-column-wrapper-legacy fusion-empty-column-bg-image fusion-column-has-bg-image\" data-bg-url=\"https:\/\/moritzfaehse.de\/werbefotografie\/wp-content\/uploads\/2020\/06\/event-fotografie-reportage-firmenfeier-workshop-002-1200x800.jpg\"><img decoding=\"async\" class=\"fusion-empty-dims-img-placeholder fusion-no-large-visibility\" src=\"data:image\/gif;base64,R0lGODlhAQABAAAAACH5BAEKAAEALAAAAAABAAEAAAICTAEAOw==\"><div class=\"fusion-clearfix\"><\/div><\/div><\/div><\/div><\/div><div class=\"fusion-fullwidth fullwidth-box fusion-builder-row-6 hundred-percent-fullwidth non-hundred-percent-height-scrolling fusion-equal-height-columns\" style=\"--awb-border-radius-top-left:0px;--awb-border-radius-top-right:0px;--awb-border-radius-bottom-right:0px;--awb-border-radius-bottom-left:0px;--awb-padding-right:5%;--awb-padding-bottom:0px;--awb-padding-left:5%;--awb-flex-wrap:wrap;\" ><div class=\"fusion-builder-row fusion-row\"><div class=\"fusion-layout-column fusion_builder_column fusion-builder-column-10 fusion_builder_column_1_1 1_1 fusion-one-full fusion-column-first fusion-column-last mobile-single-tile\" style=\"--awb-padding-top:15vw;--awb-padding-right:1%;--awb-padding-bottom:0px;--awb-padding-left:1%;--awb-bg-image:url(&#039;https:\/\/moritzfaehse.de\/werbefotografie\/wp-content\/uploads\/2020\/06\/st\u00e4dte-fotografie-stuttgart-luftaufnahmen-003-scaled.jpg&#039;);--awb-bg-position:center top;--awb-bg-size:cover;--awb-border-color:#757575;--awb-border-top:1px;--awb-border-right:1px;--awb-border-bottom:1px;--awb-border-left:1px;--awb-border-style:solid;--awb-margin-bottom:0px;\"><div class=\"fusion-column-wrapper fusion-column-has-shadow fusion-flex-column-wrapper-legacy fusion-empty-column-bg-image fusion-column-has-bg-image\" data-bg-url=\"https:\/\/moritzfaehse.de\/werbefotografie\/wp-content\/uploads\/2020\/06\/st\u00e4dte-fotografie-stuttgart-luftaufnahmen-003-scaled.jpg\"><div class=\"fusion-column-content-centered\"><div class=\"fusion-column-content\"><img decoding=\"async\" class=\"fusion-empty-dims-img-placeholder fusion-no-large-visibility\" src=\"data:image\/gif;base64,R0lGODlhAQABAAAAACH5BAEKAAEALAAAAAABAAEAAAICTAEAOw==\"><\/div><\/div><div class=\"fusion-clearfix\"><\/div><\/div><\/div><\/div><\/div><div class=\"fusion-fullwidth fullwidth-box fusion-builder-row-7 nonhundred-percent-fullwidth non-hundred-percent-height-scrolling\" style=\"--awb-border-radius-top-left:0px;--awb-border-radius-top-right:0px;--awb-border-radius-bottom-right:0px;--awb-border-radius-bottom-left:0px;--awb-padding-right:0px;--awb-padding-left:0px;--awb-margin-bottom:2%;--awb-flex-wrap:wrap;\" ><div class=\"fusion-builder-row fusion-row\"><div class=\"fusion-layout-column fusion_builder_column fusion-builder-column-11 fusion_builder_column_1_1 1_1 fusion-one-full fusion-column-first fusion-column-last\" style=\"--awb-padding-top:5%;--awb-padding-right:5%;--awb-padding-bottom:5%;--awb-padding-left:5%;--awb-bg-color:rgba(252,252,252,0.9);--awb-bg-color-hover:rgba(252,252,252,0.9);--awb-bg-size:cover;--awb-border-color:#757575;--awb-border-top:1px;--awb-border-right:1px;--awb-border-bottom:1px;--awb-border-left:1px;--awb-border-style:solid;--awb-margin-bottom:0px;\"><div class=\"fusion-column-wrapper fusion-column-has-shadow fusion-flex-column-wrapper-legacy\"><div class=\"fusion-text fusion-text-6 txt-smaller\"><h2 style=\"text-align: center;\">Interessiert? Fordern Sie jetzt Ihr pers\u00f6nliches Angebot an<\/h2>\n<p class=\"description\" style=\"text-align: center;\">Alle Felder mit einem (*) werden ben\u00f6tigt, die restlichen sind optional. Bitte beschreiben Sie uns Ihre Vorstellungen so genau wie m\u00f6glich. Je mehr Informationen wir von Ihnen bekommen, desto pr\u00e4ziser k\u00f6nnen wir Ihr Angebot bereits vorab erstellen.<\/p>\n<\/div><div class=\"fusion-sep-clear\"><\/div><div class=\"fusion-separator fusion-has-icon\" style=\"margin-left: auto;margin-right: auto;margin-top:2%;margin-bottom:3%;width:100%;max-width:60%;\"><div class=\"fusion-separator-border sep-single sep-solid\" style=\"--awb-height:20px;--awb-amount:20px;--awb-sep-color:#ffa569;border-color:#ffa569;border-top-width:1px;\"><\/div><span class=\"icon-wrapper\" style=\"border-color:#ffa569;background-color:#ffffff;font-size:20px;width: 1.75em; height: 1.75em;border-width:1px;padding:1px;margin-top:-0.5px\"><i class=\"fa-file-invoice fas\" style=\"font-size: inherit;color:#ffa569;\" aria-hidden=\"true\"><\/i><\/span><div class=\"fusion-separator-border sep-single sep-solid\" style=\"--awb-height:20px;--awb-amount:20px;--awb-sep-color:#ffa569;border-color:#ffa569;border-top-width:1px;\"><\/div><\/div><div class=\"fusion-sep-clear\"><\/div><div class=\"js-hm-form\" data-theme=\"modern\" data-form-id=\"78225f2c-ac4f-4b16-9c30-55213dca101a\"><\/div><script src=\"https:\/\/app.hochzeit.management:443\/ContactForm\/GetContactFormWidget\"><\/script><div class=\"fusion-clearfix\"><\/div><\/div><\/div><\/div><\/div><\/p>\n","protected":false},"excerpt":{"rendered":"","protected":false},"author":1,"featured_media":0,"parent":0,"menu_order":0,"comment_status":"closed","ping_status":"closed","template":"100-width.php","meta":{"footnotes":""},"class_list":["post-281","page","type-page","status-publish","hentry"],"yoast_head":"<!-- This site is optimized with the Yoast SEO plugin v27.5 - https:\/\/yoast.com\/product\/yoast-seo-wordpress\/ -->\n<title>Eventfotografie im M\u00fcnsterland &amp; bundesweit - Moritz F\u00e4hse Photography<\/title>\n<meta name=\"description\" content=\"Wir bieten Ihnen stimmungsvolle, lebendige Eventfotografie f\u00fcr Ihre Veranstaltung im M\u00fcnsterland, in NRW, Niedersachsen &amp; bundesweit.\" \/>\n<meta name=\"robots\" content=\"index, follow, max-snippet:-1, max-image-preview:large, max-video-preview:-1\" \/>\n<link rel=\"canonical\" href=\"https:\/\/www.moritzfaehse.de\/werbefotografie\/eventfotografie\/\" \/>\n<meta property=\"og:locale\" content=\"de_DE\" \/>\n<meta property=\"og:type\" content=\"article\" \/>\n<meta property=\"og:title\" content=\"Eventfotografie im M\u00fcnsterland &amp; bundesweit - Moritz F\u00e4hse Photography\" \/>\n<meta property=\"og:description\" content=\"Wir bieten Ihnen stimmungsvolle, lebendige Eventfotografie f\u00fcr Ihre Veranstaltung im M\u00fcnsterland, in NRW, Niedersachsen &amp; bundesweit.\" \/>\n<meta property=\"og:url\" content=\"https:\/\/www.moritzfaehse.de\/werbefotografie\/eventfotografie\/\" \/>\n<meta property=\"og:site_name\" content=\"Moritz F\u00e4hse Photography\" \/>\n<meta property=\"article:modified_time\" content=\"2020-06-22T18:57:04+00:00\" \/>\n<meta property=\"og:image\" content=\"https:\/\/www.moritzfaehse.de\/werbefotografie\/wp-content\/uploads\/2020\/06\/architektur-interieur-fotografie-hamburg-uebersee-quartier-haltestelle-002-1920x.jpg\" \/>\n\t<meta property=\"og:image:width\" content=\"1920\" \/>\n\t<meta property=\"og:image:height\" content=\"1536\" \/>\n\t<meta property=\"og:image:type\" content=\"image\/jpeg\" \/>\n<meta name=\"twitter:card\" content=\"summary_large_image\" \/>\n<meta name=\"twitter:label1\" content=\"Gesch\u00e4tzte Lesezeit\" \/>\n\t<meta name=\"twitter:data1\" content=\"24\u00a0Minuten\" \/>\n<script type=\"application\/ld+json\" class=\"yoast-schema-graph\">{\"@context\":\"https:\\\/\\\/schema.org\",\"@graph\":[{\"@type\":\"WebPage\",\"@id\":\"https:\\\/\\\/www.moritzfaehse.de\\\/werbefotografie\\\/eventfotografie\\\/\",\"url\":\"https:\\\/\\\/www.moritzfaehse.de\\\/werbefotografie\\\/eventfotografie\\\/\",\"name\":\"Eventfotografie im M\u00fcnsterland & bundesweit - Moritz F\u00e4hse Photography\",\"isPartOf\":{\"@id\":\"https:\\\/\\\/www.moritzfaehse.de\\\/werbefotografie\\\/#website\"},\"datePublished\":\"2020-05-13T11:15:40+00:00\",\"dateModified\":\"2020-06-22T18:57:04+00:00\",\"description\":\"Wir bieten Ihnen stimmungsvolle, lebendige Eventfotografie f\u00fcr Ihre Veranstaltung im M\u00fcnsterland, in NRW, Niedersachsen & bundesweit.\",\"breadcrumb\":{\"@id\":\"https:\\\/\\\/www.moritzfaehse.de\\\/werbefotografie\\\/eventfotografie\\\/#breadcrumb\"},\"inLanguage\":\"de\",\"potentialAction\":[{\"@type\":\"ReadAction\",\"target\":[\"https:\\\/\\\/www.moritzfaehse.de\\\/werbefotografie\\\/eventfotografie\\\/\"]}]},{\"@type\":\"BreadcrumbList\",\"@id\":\"https:\\\/\\\/www.moritzfaehse.de\\\/werbefotografie\\\/eventfotografie\\\/#breadcrumb\",\"itemListElement\":[{\"@type\":\"ListItem\",\"position\":1,\"name\":\"Startseite\",\"item\":\"https:\\\/\\\/www.moritzfaehse.de\\\/werbefotografie\\\/\"},{\"@type\":\"ListItem\",\"position\":2,\"name\":\"Eventfotografie\"}]},{\"@type\":\"WebSite\",\"@id\":\"https:\\\/\\\/www.moritzfaehse.de\\\/werbefotografie\\\/#website\",\"url\":\"https:\\\/\\\/www.moritzfaehse.de\\\/werbefotografie\\\/\",\"name\":\"Moritz F\u00e4hse Photography\",\"description\":\"Werbefotografie im M\u00fcnsterland\",\"publisher\":{\"@id\":\"https:\\\/\\\/www.moritzfaehse.de\\\/werbefotografie\\\/#organization\"},\"potentialAction\":[{\"@type\":\"SearchAction\",\"target\":{\"@type\":\"EntryPoint\",\"urlTemplate\":\"https:\\\/\\\/www.moritzfaehse.de\\\/werbefotografie\\\/?s={search_term_string}\"},\"query-input\":{\"@type\":\"PropertyValueSpecification\",\"valueRequired\":true,\"valueName\":\"search_term_string\"}}],\"inLanguage\":\"de\"},{\"@type\":\"Organization\",\"@id\":\"https:\\\/\\\/www.moritzfaehse.de\\\/werbefotografie\\\/#organization\",\"name\":\"Moritz F\u00e4hse Photography |\u00a0Werbefotografie im M\u00fcnsterland\",\"url\":\"https:\\\/\\\/www.moritzfaehse.de\\\/werbefotografie\\\/\",\"logo\":{\"@type\":\"ImageObject\",\"inLanguage\":\"de\",\"@id\":\"https:\\\/\\\/www.moritzfaehse.de\\\/werbefotografie\\\/#\\\/schema\\\/logo\\\/image\\\/\",\"url\":\"https:\\\/\\\/www.moritzfaehse.de\\\/werbefotografie\\\/wp-content\\\/uploads\\\/2020\\\/06\\\/moritz-fa\u0308hse-photography-logo-1000.png\",\"contentUrl\":\"https:\\\/\\\/www.moritzfaehse.de\\\/werbefotografie\\\/wp-content\\\/uploads\\\/2020\\\/06\\\/moritz-fa\u0308hse-photography-logo-1000.png\",\"width\":1000,\"height\":71,\"caption\":\"Moritz F\u00e4hse Photography |\u00a0Werbefotografie im M\u00fcnsterland\"},\"image\":{\"@id\":\"https:\\\/\\\/www.moritzfaehse.de\\\/werbefotografie\\\/#\\\/schema\\\/logo\\\/image\\\/\"}}]}<\/script>\n<!-- \/ Yoast SEO plugin. -->","yoast_head_json":{"title":"Eventfotografie im M\u00fcnsterland & bundesweit - Moritz F\u00e4hse Photography","description":"Wir bieten Ihnen stimmungsvolle, lebendige Eventfotografie f\u00fcr Ihre Veranstaltung im M\u00fcnsterland, in NRW, Niedersachsen & bundesweit.","robots":{"index":"index","follow":"follow","max-snippet":"max-snippet:-1","max-image-preview":"max-image-preview:large","max-video-preview":"max-video-preview:-1"},"canonical":"https:\/\/www.moritzfaehse.de\/werbefotografie\/eventfotografie\/","og_locale":"de_DE","og_type":"article","og_title":"Eventfotografie im M\u00fcnsterland & bundesweit - Moritz F\u00e4hse Photography","og_description":"Wir bieten Ihnen stimmungsvolle, lebendige Eventfotografie f\u00fcr Ihre Veranstaltung im M\u00fcnsterland, in NRW, Niedersachsen & bundesweit.","og_url":"https:\/\/www.moritzfaehse.de\/werbefotografie\/eventfotografie\/","og_site_name":"Moritz F\u00e4hse Photography","article_modified_time":"2020-06-22T18:57:04+00:00","og_image":[{"width":1920,"height":1536,"url":"https:\/\/www.moritzfaehse.de\/werbefotografie\/wp-content\/uploads\/2020\/06\/architektur-interieur-fotografie-hamburg-uebersee-quartier-haltestelle-002-1920x.jpg","type":"image\/jpeg"}],"twitter_card":"summary_large_image","twitter_misc":{"Gesch\u00e4tzte Lesezeit":"24\u00a0Minuten"},"schema":{"@context":"https:\/\/schema.org","@graph":[{"@type":"WebPage","@id":"https:\/\/www.moritzfaehse.de\/werbefotografie\/eventfotografie\/","url":"https:\/\/www.moritzfaehse.de\/werbefotografie\/eventfotografie\/","name":"Eventfotografie im M\u00fcnsterland & bundesweit - Moritz F\u00e4hse Photography","isPartOf":{"@id":"https:\/\/www.moritzfaehse.de\/werbefotografie\/#website"},"datePublished":"2020-05-13T11:15:40+00:00","dateModified":"2020-06-22T18:57:04+00:00","description":"Wir bieten Ihnen stimmungsvolle, lebendige Eventfotografie f\u00fcr Ihre Veranstaltung im M\u00fcnsterland, in NRW, Niedersachsen & bundesweit.","breadcrumb":{"@id":"https:\/\/www.moritzfaehse.de\/werbefotografie\/eventfotografie\/#breadcrumb"},"inLanguage":"de","potentialAction":[{"@type":"ReadAction","target":["https:\/\/www.moritzfaehse.de\/werbefotografie\/eventfotografie\/"]}]},{"@type":"BreadcrumbList","@id":"https:\/\/www.moritzfaehse.de\/werbefotografie\/eventfotografie\/#breadcrumb","itemListElement":[{"@type":"ListItem","position":1,"name":"Startseite","item":"https:\/\/www.moritzfaehse.de\/werbefotografie\/"},{"@type":"ListItem","position":2,"name":"Eventfotografie"}]},{"@type":"WebSite","@id":"https:\/\/www.moritzfaehse.de\/werbefotografie\/#website","url":"https:\/\/www.moritzfaehse.de\/werbefotografie\/","name":"Moritz F\u00e4hse Photography","description":"Werbefotografie im M\u00fcnsterland","publisher":{"@id":"https:\/\/www.moritzfaehse.de\/werbefotografie\/#organization"},"potentialAction":[{"@type":"SearchAction","target":{"@type":"EntryPoint","urlTemplate":"https:\/\/www.moritzfaehse.de\/werbefotografie\/?s={search_term_string}"},"query-input":{"@type":"PropertyValueSpecification","valueRequired":true,"valueName":"search_term_string"}}],"inLanguage":"de"},{"@type":"Organization","@id":"https:\/\/www.moritzfaehse.de\/werbefotografie\/#organization","name":"Moritz F\u00e4hse Photography |\u00a0Werbefotografie im M\u00fcnsterland","url":"https:\/\/www.moritzfaehse.de\/werbefotografie\/","logo":{"@type":"ImageObject","inLanguage":"de","@id":"https:\/\/www.moritzfaehse.de\/werbefotografie\/#\/schema\/logo\/image\/","url":"https:\/\/www.moritzfaehse.de\/werbefotografie\/wp-content\/uploads\/2020\/06\/moritz-fa\u0308hse-photography-logo-1000.png","contentUrl":"https:\/\/www.moritzfaehse.de\/werbefotografie\/wp-content\/uploads\/2020\/06\/moritz-fa\u0308hse-photography-logo-1000.png","width":1000,"height":71,"caption":"Moritz F\u00e4hse Photography |\u00a0Werbefotografie im M\u00fcnsterland"},"image":{"@id":"https:\/\/www.moritzfaehse.de\/werbefotografie\/#\/schema\/logo\/image\/"}}]}},"_links":{"self":[{"href":"https:\/\/www.moritzfaehse.de\/werbefotografie\/wp-json\/wp\/v2\/pages\/281","targetHints":{"allow":["GET"]}}],"collection":[{"href":"https:\/\/www.moritzfaehse.de\/werbefotografie\/wp-json\/wp\/v2\/pages"}],"about":[{"href":"https:\/\/www.moritzfaehse.de\/werbefotografie\/wp-json\/wp\/v2\/types\/page"}],"author":[{"embeddable":true,"href":"https:\/\/www.moritzfaehse.de\/werbefotografie\/wp-json\/wp\/v2\/users\/1"}],"replies":[{"embeddable":true,"href":"https:\/\/www.moritzfaehse.de\/werbefotografie\/wp-json\/wp\/v2\/comments?post=281"}],"version-history":[{"count":13,"href":"https:\/\/www.moritzfaehse.de\/werbefotografie\/wp-json\/wp\/v2\/pages\/281\/revisions"}],"predecessor-version":[{"id":1478,"href":"https:\/\/www.moritzfaehse.de\/werbefotografie\/wp-json\/wp\/v2\/pages\/281\/revisions\/1478"}],"wp:attachment":[{"href":"https:\/\/www.moritzfaehse.de\/werbefotografie\/wp-json\/wp\/v2\/media?parent=281"}],"curies":[{"name":"wp","href":"https:\/\/api.w.org\/{rel}","templated":true}]}}