{"id":19,"date":"2020-04-12T03:58:53","date_gmt":"2020-04-12T01:58:53","guid":{"rendered":"https:\/\/moritzfaehse.de\/werbefotografie\/?page_id=19"},"modified":"2020-12-20T17:37:43","modified_gmt":"2020-12-20T16:37:43","slug":"unternehmensfotografie","status":"publish","type":"page","link":"https:\/\/www.moritzfaehse.de\/werbefotografie\/unternehmensfotografie\/","title":{"rendered":"Unternehmensfotografie"},"content":{"rendered":"<p><div class=\"fusion-fullwidth fullwidth-box fusion-builder-row-1 hundred-percent-fullwidth non-hundred-percent-height-scrolling fusion-equal-height-columns mobile-tiles\" style=\"--awb-border-radius-top-left:0px;--awb-border-radius-top-right:0px;--awb-border-radius-bottom-right:0px;--awb-border-radius-bottom-left:0px;--awb-padding-right:5%;--awb-padding-left:5%;--awb-flex-wrap:wrap;\" ><div class=\"fusion-builder-row fusion-row\"><div class=\"fusion-layout-column fusion_builder_column fusion-builder-column-0 fusion_builder_column_1_3 1_3 fusion-one-third fusion-column-first mobile-single-tile\" style=\"--awb-padding-top:20vw;--awb-padding-right:1%;--awb-padding-bottom:0px;--awb-padding-left:1%;--awb-bg-image:url(&#039;https:\/\/moritzfaehse.de\/werbefotografie\/wp-content\/uploads\/2020\/06\/interieur-fotografie-kmu-friseur-salon-ibbenb\u00fcren-002-1200x800.jpg&#039;);--awb-bg-position:center center;--awb-bg-size:cover;--awb-border-color:#757575;--awb-border-top:1px;--awb-border-right:1px;--awb-border-bottom:1px;--awb-border-left:1px;--awb-border-style:solid;width:33.3333333333%;width:calc(33.3333333333% - ( ( 20px + 20px ) * 0.333333333333 ) );margin-right: 20px;\"><div class=\"fusion-column-wrapper fusion-column-has-shadow fusion-flex-column-wrapper-legacy fusion-empty-column-bg-image fusion-column-has-bg-image\" data-bg-url=\"https:\/\/moritzfaehse.de\/werbefotografie\/wp-content\/uploads\/2020\/06\/interieur-fotografie-kmu-friseur-salon-ibbenb\u00fcren-002-1200x800.jpg\"><div class=\"fusion-column-content-centered\"><div class=\"fusion-column-content\"><img decoding=\"async\" class=\"fusion-empty-dims-img-placeholder fusion-no-large-visibility\" src=\"data:image\/gif;base64,R0lGODlhAQABAAAAACH5BAEKAAEALAAAAAABAAEAAAICTAEAOw==\"><\/div><\/div><div class=\"fusion-clearfix\"><\/div><\/div><\/div><div class=\"fusion-layout-column fusion_builder_column fusion-builder-column-1 fusion_builder_column_1_3 1_3 fusion-one-third fusion-no-small-visibility fusion-no-medium-visibility\" style=\"--awb-padding-top:20vw;--awb-padding-right:1%;--awb-padding-bottom:0px;--awb-padding-left:1%;--awb-bg-image:url(&#039;https:\/\/moritzfaehse.de\/werbefotografie\/wp-content\/uploads\/2020\/06\/architektur-industrie-fotografie-hamburg-\u00fcbersee-quartier-baustelle-001-1200x882.jpg&#039;);--awb-bg-position:center center;--awb-bg-size:cover;--awb-border-color:#757575;--awb-border-top:1px;--awb-border-right:1px;--awb-border-bottom:1px;--awb-border-left:1px;--awb-border-style:solid;width:33.3333333333%;width:calc(33.3333333333% - ( ( 20px + 20px ) * 0.333333333333 ) );margin-right: 20px;\"><div class=\"fusion-column-wrapper fusion-column-has-shadow fusion-flex-column-wrapper-legacy fusion-empty-column-bg-image fusion-column-has-bg-image\" data-bg-url=\"https:\/\/moritzfaehse.de\/werbefotografie\/wp-content\/uploads\/2020\/06\/architektur-industrie-fotografie-hamburg-\u00fcbersee-quartier-baustelle-001-1200x882.jpg\"><div class=\"fusion-column-content-centered\"><div class=\"fusion-column-content\"><img decoding=\"async\" class=\"fusion-empty-dims-img-placeholder fusion-no-large-visibility\" src=\"data:image\/gif;base64,R0lGODlhAQABAAAAACH5BAEKAAEALAAAAAABAAEAAAICTAEAOw==\"><\/div><\/div><div class=\"fusion-clearfix\"><\/div><\/div><\/div><div class=\"fusion-layout-column fusion_builder_column fusion-builder-column-2 fusion_builder_column_1_3 1_3 fusion-one-third fusion-column-last fusion-no-small-visibility fusion-no-medium-visibility\" style=\"--awb-padding-top:20vw;--awb-padding-right:1%;--awb-padding-bottom:0px;--awb-padding-left:1%;--awb-bg-image:url(&#039;https:\/\/moritzfaehse.de\/werbefotografie\/wp-content\/uploads\/2020\/06\/unternehmens-fotografie-image-aufnahmen-team-002-1200x800.jpg&#039;);--awb-bg-position:center center;--awb-bg-size:cover;--awb-border-color:#757575;--awb-border-top:1px;--awb-border-right:1px;--awb-border-bottom:1px;--awb-border-left:1px;--awb-border-style:solid;width:33.3333333333%;width:calc(33.3333333333% - ( ( 20px + 20px ) * 0.333333333333 ) );\"><div class=\"fusion-column-wrapper fusion-column-has-shadow fusion-flex-column-wrapper-legacy fusion-empty-column-bg-image fusion-column-has-bg-image\" data-bg-url=\"https:\/\/moritzfaehse.de\/werbefotografie\/wp-content\/uploads\/2020\/06\/unternehmens-fotografie-image-aufnahmen-team-002-1200x800.jpg\"><div class=\"fusion-column-content-centered\"><div class=\"fusion-column-content\"><img decoding=\"async\" class=\"fusion-empty-dims-img-placeholder fusion-no-large-visibility\" src=\"data:image\/gif;base64,R0lGODlhAQABAAAAACH5BAEKAAEALAAAAAABAAEAAAICTAEAOw==\"><\/div><\/div><div class=\"fusion-clearfix\"><\/div><\/div><\/div><\/div><\/div><div class=\"fusion-fullwidth fullwidth-box fusion-builder-row-2 hundred-percent-fullwidth non-hundred-percent-height-scrolling fusion-equal-height-columns reverse-cols mobile-tiles\" style=\"--awb-border-radius-top-left:0px;--awb-border-radius-top-right:0px;--awb-border-radius-bottom-right:0px;--awb-border-radius-bottom-left:0px;--awb-padding-right:5%;--awb-padding-left:5%;--awb-margin-top:0px;--awb-margin-bottom:0px;--awb-flex-wrap:wrap;\" ><div class=\"fusion-builder-row fusion-row\"><div class=\"fusion-layout-column fusion_builder_column fusion-builder-column-3 fusion_builder_column_1_1 1_1 fusion-one-full fusion-column-first fusion-column-last\" style=\"--awb-padding-top:5%;--awb-padding-right:10%;--awb-padding-bottom:5%;--awb-padding-left:10%;--awb-bg-size:cover;--awb-border-color:#757575;--awb-border-top:1px;--awb-border-right:1px;--awb-border-bottom:1px;--awb-border-left:1px;--awb-border-style:solid;\"><div class=\"fusion-column-wrapper fusion-column-has-shadow fusion-flex-column-wrapper-legacy\"><div class=\"fusion-column-content-centered\"><div class=\"fusion-column-content\"><div class=\"fusion-title title fusion-title-1 fusion-sep-none fusion-title-center fusion-title-text fusion-title-size-one\" style=\"--awb-margin-bottom:0px;--awb-margin-right-small:0px;--awb-margin-bottom-small:0px;--awb-margin-left-small:0px;\"><h1 class=\"fusion-title-heading title-heading-center fusion-responsive-typography-calculated\" style=\"margin:0;--fontSize:45;line-height:1.16;\">Unternehmensfotografie: Moderne Bildsprache f\u00fcr Ihr Unternehmen<\/h1><\/div><div class=\"fusion-sep-clear\"><\/div><div class=\"fusion-separator\" style=\"margin-left: auto;margin-right: auto;margin-top:0px;margin-bottom:0px;width:100%;max-width:60%;\"><div class=\"fusion-separator-border sep-shadow\" style=\"--awb-height:20px;--awb-amount:20px;--awb-sep-color:#000000;background:radial-gradient(ellipse at 50% -50% , #000000 0px, rgba(255, 255, 255, 0) 80%) repeat scroll 0 0 rgba(0, 0, 0, 0);background:-webkit-radial-gradient(ellipse at 50% -50% , #000000 0px, rgba(255, 255, 255, 0) 80%) repeat scroll 0 0 rgba(0, 0, 0, 0);background:-moz-radial-gradient(ellipse at 50% -50% , #000000 0px, rgba(255, 255, 255, 0) 80%) repeat scroll 0 0 rgba(0, 0, 0, 0);background:-o-radial-gradient(ellipse at 50% -50% , #000000 0px, rgba(255, 255, 255, 0) 80%) repeat scroll 0 0 rgba(0, 0, 0, 0);\"><\/div><\/div><div class=\"fusion-sep-clear\"><\/div>\n<div class=\"fusion-sep-clear\"><\/div><div class=\"fusion-separator fusion-full-width-sep\" style=\"margin-left: auto;margin-right: auto;margin-top:2%;margin-bottom:1%;width:100%;\"><\/div><div class=\"fusion-sep-clear\"><\/div><div class=\"fusion-text fusion-text-1\"><p>Wie soll Ihr Unternehmen wahrgenommen werden? Gute Unternehmensfotografie sorgt daf\u00fcr, dass ihr Unternehmen authentisch und professionell wirkt und dies\u00a0 macht Sie attraktiv f\u00fcr Kunden und somit erfolgreich. Die Bildsprache Ihres Unternehmens ist ein wichtiger Erfolgsfaktor, den Sie gezielt steuern k\u00f6nnen.<\/p>\n<\/div><\/div><\/div><div class=\"fusion-clearfix\"><\/div><\/div><\/div><\/div><\/div><div class=\"fusion-fullwidth fullwidth-box fusion-builder-row-3 hundred-percent-fullwidth non-hundred-percent-height-scrolling fusion-equal-height-columns reverse-cols mobile-tiles\" style=\"--awb-border-radius-top-left:0px;--awb-border-radius-top-right:0px;--awb-border-radius-bottom-right:0px;--awb-border-radius-bottom-left:0px;--awb-padding-right:5%;--awb-padding-left:5%;--awb-flex-wrap:wrap;\" ><div class=\"fusion-builder-row fusion-row\"><div class=\"fusion-layout-column fusion_builder_column fusion-builder-column-4 fusion_builder_column_3_5 3_5 fusion-three-fifth fusion-column-first\" style=\"--awb-padding-top:10%;--awb-padding-right:10%;--awb-padding-bottom:10%;--awb-padding-left:10%;--awb-bg-size:cover;--awb-border-color:#757575;--awb-border-top:1px;--awb-border-right:1px;--awb-border-bottom:1px;--awb-border-left:1px;--awb-border-style:solid;width:60%;width:calc(60% - ( ( 1% ) * 0.6 ) );margin-right: 1%;\"><div class=\"fusion-column-wrapper fusion-column-has-shadow fusion-flex-column-wrapper-legacy\"><div class=\"fusion-column-content-centered\"><div class=\"fusion-column-content\"><div class=\"fusion-title title fusion-title-2 fusion-sep-none fusion-title-text fusion-title-size-three\" style=\"--awb-margin-top-small:0px;--awb-margin-right-small:0px;--awb-margin-bottom-small:20px;--awb-margin-left-small:0px;--awb-font-size:25px;\"><h3 class=\"fusion-title-heading title-heading-left fusion-responsive-typography-calculated\" style=\"font-family:&quot;Montserrat&quot;;font-style:normal;font-weight:500;margin:0;font-size:1em;--fontSize:25;line-height:1.3;\">Wir k\u00fcmmern uns um alle Bereiche der Fotografie f\u00fcr Ihre Unternehmenskommunikation<\/h3><\/div><div class=\"fusion-sep-clear\"><\/div><div class=\"fusion-separator fusion-full-width-sep\" style=\"margin-left: auto;margin-right: auto;margin-top:2%;width:100%;\"><\/div><div class=\"fusion-sep-clear\"><\/div><div class=\"fusion-text fusion-text-2\"><p>Professionelle Unternehmensfotografie bieten wir sowohl lokal im M\u00fcnsterland, als auch bundesweit f\u00fcr Unternehmen unterschiedlichster Gr\u00f6\u00dfen an. Das Spektrum unserer Arbeiten dabei ist gro\u00df und reicht von der Portraitfotografie \u00fcber Industriefotografie, Architekturfotografie &amp; Produktfotografie bis hin zur Eventfotografie.<\/p>\n<p>Zu unseren h\u00e4ufigsten Motiven geh\u00f6ren unter Anderem:<\/p>\n<ul>\n<li>PR Aufnahmen<\/li>\n<li>Editorial Aufnahmen<\/li>\n<li>Image Fotografie<\/li>\n<li>Vorstandsportraits<\/li>\n<li>Mitarbeiterportraits<\/li>\n<li>Bilder f\u00fcr die Personalbeschaffung<\/li>\n<li>Employer Branding Fotografie<\/li>\n<li>Darstellung von Arbeitssituationen<\/li>\n<li>Motive f\u00fcr den Gesch\u00e4ftsbericht<\/li>\n<\/ul>\n<\/div><\/div><\/div><div class=\"fusion-clearfix\"><\/div><\/div><\/div><div class=\"fusion-layout-column fusion_builder_column fusion-builder-column-5 fusion_builder_column_2_5 2_5 fusion-two-fifth fusion-column-last tiles-styling img-eqh-cover img-px30\" style=\"--awb-bg-position:center center;--awb-bg-size:cover;width:40%;width:calc(40% - ( ( 1% ) * 0.4 ) );\"><div class=\"fusion-column-wrapper fusion-column-has-shadow fusion-flex-column-wrapper-legacy\"><div class=\"fusion-image-element in-legacy-container\" style=\"--awb-caption-title-font-family:var(--h2_typography-font-family);--awb-caption-title-font-weight:var(--h2_typography-font-weight);--awb-caption-title-font-style:var(--h2_typography-font-style);--awb-caption-title-size:var(--h2_typography-font-size);--awb-caption-title-transform:var(--h2_typography-text-transform);--awb-caption-title-line-height:var(--h2_typography-line-height);--awb-caption-title-letter-spacing:var(--h2_typography-letter-spacing);\"><span class=\" fusion-imageframe imageframe-none imageframe-1 hover-type-none\"><img decoding=\"async\" width=\"1200\" height=\"800\" alt=\"Image Aufnahme einer Event Agentur bei einem Team Meeting |\u00a0Fotograf in der Region Osnabr\u00fcck M\u00fcnster Bielefeld f\u00fcr Imagefotografie\" title=\"unternehmens-fotografie-image-aufnahmen-team-001\" src=\"https:\/\/www.moritzfaehse.de\/werbefotografie\/wp-content\/uploads\/2020\/06\/unternehmens-fotografie-image-aufnahmen-team-001-1200x800.jpg\" class=\"img-responsive wp-image-519\" srcset=\"https:\/\/www.moritzfaehse.de\/werbefotografie\/wp-content\/uploads\/2020\/06\/unternehmens-fotografie-image-aufnahmen-team-001-200x133.jpg 200w, https:\/\/www.moritzfaehse.de\/werbefotografie\/wp-content\/uploads\/2020\/06\/unternehmens-fotografie-image-aufnahmen-team-001-400x267.jpg 400w, https:\/\/www.moritzfaehse.de\/werbefotografie\/wp-content\/uploads\/2020\/06\/unternehmens-fotografie-image-aufnahmen-team-001-600x400.jpg 600w, https:\/\/www.moritzfaehse.de\/werbefotografie\/wp-content\/uploads\/2020\/06\/unternehmens-fotografie-image-aufnahmen-team-001-800x533.jpg 800w, https:\/\/www.moritzfaehse.de\/werbefotografie\/wp-content\/uploads\/2020\/06\/unternehmens-fotografie-image-aufnahmen-team-001-1200x800.jpg 1200w\" sizes=\"(max-width: 1000px) 100vw, 800px\" \/><\/span><\/div><div class=\"fusion-clearfix\"><\/div><\/div><\/div><\/div><\/div><div class=\"fusion-fullwidth fullwidth-box fusion-builder-row-4 hundred-percent-fullwidth non-hundred-percent-height-scrolling fusion-equal-height-columns mobile-tiles\" style=\"--awb-border-radius-top-left:0px;--awb-border-radius-top-right:0px;--awb-border-radius-bottom-right:0px;--awb-border-radius-bottom-left:0px;--awb-padding-right:5%;--awb-padding-left:5%;--awb-flex-wrap:wrap;\" ><div class=\"fusion-builder-row fusion-row\"><div class=\"fusion-layout-column fusion_builder_column fusion-builder-column-6 fusion_builder_column_2_5 2_5 fusion-two-fifth fusion-column-first tiles-styling img-eqh-cover img-px60\" style=\"--awb-bg-position:center center;--awb-bg-size:cover;width:40%;width:calc(40% - ( ( 1% ) * 0.4 ) );margin-right: 1%;\"><div class=\"fusion-column-wrapper fusion-column-has-shadow fusion-flex-column-wrapper-legacy\"><div class=\"fusion-image-element in-legacy-container\" style=\"--awb-caption-title-font-family:var(--h2_typography-font-family);--awb-caption-title-font-weight:var(--h2_typography-font-weight);--awb-caption-title-font-style:var(--h2_typography-font-style);--awb-caption-title-size:var(--h2_typography-font-size);--awb-caption-title-transform:var(--h2_typography-text-transform);--awb-caption-title-line-height:var(--h2_typography-line-height);--awb-caption-title-letter-spacing:var(--h2_typography-letter-spacing);\"><span class=\" fusion-imageframe imageframe-none imageframe-2 hover-type-none\"><img decoding=\"async\" width=\"1200\" height=\"800\" alt=\"Sympathische Imageaufnahme eines Hamburger Familienunternehmens f\u00fcr Immobilienverwaltung |\u00a0Unternemensfotograf f\u00fcr Imagefotografie in Osnabr\u00fcck M\u00fcnster Bielefeld NRW Niedersachsen und bundesweit\" title=\"unternehmens-fotografie-image-fotos-gutzki-hausverwaltung-makler-001\" src=\"https:\/\/www.moritzfaehse.de\/werbefotografie\/wp-content\/uploads\/2020\/06\/unternehmens-fotografie-image-fotos-gutzki-hausverwaltung-makler-001-1200x800.jpg\" class=\"img-responsive wp-image-673\" srcset=\"https:\/\/www.moritzfaehse.de\/werbefotografie\/wp-content\/uploads\/2020\/06\/unternehmens-fotografie-image-fotos-gutzki-hausverwaltung-makler-001-200x133.jpg 200w, https:\/\/www.moritzfaehse.de\/werbefotografie\/wp-content\/uploads\/2020\/06\/unternehmens-fotografie-image-fotos-gutzki-hausverwaltung-makler-001-400x267.jpg 400w, https:\/\/www.moritzfaehse.de\/werbefotografie\/wp-content\/uploads\/2020\/06\/unternehmens-fotografie-image-fotos-gutzki-hausverwaltung-makler-001-600x400.jpg 600w, https:\/\/www.moritzfaehse.de\/werbefotografie\/wp-content\/uploads\/2020\/06\/unternehmens-fotografie-image-fotos-gutzki-hausverwaltung-makler-001-800x533.jpg 800w, https:\/\/www.moritzfaehse.de\/werbefotografie\/wp-content\/uploads\/2020\/06\/unternehmens-fotografie-image-fotos-gutzki-hausverwaltung-makler-001-1200x800.jpg 1200w\" sizes=\"(max-width: 1000px) 100vw, 800px\" \/><\/span><\/div><div class=\"fusion-clearfix\"><\/div><\/div><\/div><div class=\"fusion-layout-column fusion_builder_column fusion-builder-column-7 fusion_builder_column_3_5 3_5 fusion-three-fifth fusion-column-last\" style=\"--awb-padding-top:10%;--awb-padding-right:10%;--awb-padding-bottom:10%;--awb-padding-left:10%;--awb-bg-size:cover;--awb-border-color:#828282;--awb-border-top:1px;--awb-border-right:1px;--awb-border-bottom:1px;--awb-border-left:1px;--awb-border-style:solid;width:60%;width:calc(60% - ( ( 1% ) * 0.6 ) );\"><div class=\"fusion-column-wrapper fusion-column-has-shadow fusion-flex-column-wrapper-legacy\"><div class=\"fusion-column-content-centered\"><div class=\"fusion-column-content\"><div class=\"fusion-title title fusion-title-3 fusion-sep-none fusion-title-text fusion-title-size-three\" style=\"--awb-margin-top-small:0px;--awb-margin-right-small:0px;--awb-margin-bottom-small:20px;--awb-margin-left-small:0px;--awb-font-size:25px;\"><h3 class=\"fusion-title-heading title-heading-left fusion-responsive-typography-calculated\" style=\"font-family:&quot;Montserrat&quot;;font-style:normal;font-weight:500;margin:0;font-size:1em;--fontSize:25;line-height:1.3;\">Einheitlicher Bildstil &#8211; Unternehmensweit und Bundesweit<\/h3><\/div><div class=\"fusion-sep-clear\"><\/div><div class=\"fusion-separator fusion-full-width-sep\" style=\"margin-left: auto;margin-right: auto;margin-top:2%;width:100%;\"><\/div><div class=\"fusion-sep-clear\"><\/div><div class=\"fusion-text fusion-text-3\"><p>Ordnung, Klarheit &amp; Wiedererkennungswert sind f\u00fcr Unternehmen elementar, aber auch in der Unternehmensfotografie von gr\u00f6\u00dfter Bedeutung. Ganz gleich ob Sie f\u00fcr Ihr Unternehmen Bilder f\u00fcr den Onlineauftritt, eine Werbekampagne oder Social Media ben\u00f6tigen &#8211; f\u00fcr eine klare Bildsprache geht nichts \u00fcber die Konsistenz des Bildlooks.<\/p>\n<p>Als professioneller Werbefotograf haben wir dies bei jedem Arbeitsschritt im Hinterkopf. Ob wir nun an verschiedenen Orten, zu verschiedenen Zeiten oder bei unterschiedlichen Veranstaltungen f\u00fcr Sie fotografieren, ob zwischen zwei Shootings Stunden, Tage oder Monate liegen &#8211; wir sorgen daf\u00fcr, dass Ihre Bilder zusammenpassen.<\/p>\n<\/div><\/div><\/div><div class=\"fusion-clearfix\"><\/div><\/div><\/div><\/div><\/div><div class=\"fusion-fullwidth fullwidth-box fusion-builder-row-5 hundred-percent-fullwidth non-hundred-percent-height-scrolling fusion-equal-height-columns reverse-cols mobile-tiles\" style=\"--awb-border-radius-top-left:0px;--awb-border-radius-top-right:0px;--awb-border-radius-bottom-right:0px;--awb-border-radius-bottom-left:0px;--awb-padding-right:5%;--awb-padding-left:5%;--awb-flex-wrap:wrap;\" ><div class=\"fusion-builder-row fusion-row\"><div class=\"fusion-layout-column fusion_builder_column fusion-builder-column-8 fusion_builder_column_3_5 3_5 fusion-three-fifth fusion-column-first\" style=\"--awb-padding-top:10%;--awb-padding-right:10%;--awb-padding-bottom:10%;--awb-padding-left:10%;--awb-bg-size:cover;--awb-border-color:#757575;--awb-border-top:1px;--awb-border-right:1px;--awb-border-bottom:1px;--awb-border-left:1px;--awb-border-style:solid;width:60%;width:calc(60% - ( ( 1% ) * 0.6 ) );margin-right: 1%;\"><div class=\"fusion-column-wrapper fusion-column-has-shadow fusion-flex-column-wrapper-legacy\"><div class=\"fusion-column-content-centered\"><div class=\"fusion-column-content\"><div class=\"fusion-title title fusion-title-4 fusion-sep-none fusion-title-text fusion-title-size-three\" style=\"--awb-margin-top-small:0px;--awb-margin-right-small:0px;--awb-margin-bottom-small:20px;--awb-margin-left-small:0px;--awb-font-size:25px;\"><h3 class=\"fusion-title-heading title-heading-left fusion-responsive-typography-calculated\" style=\"font-family:&quot;Montserrat&quot;;font-style:normal;font-weight:500;margin:0;font-size:1em;--fontSize:25;line-height:1.3;\">Unsere Bilder sprechen Ihre Sprache<\/h3><\/div><div class=\"fusion-sep-clear\"><\/div><div class=\"fusion-separator fusion-full-width-sep\" style=\"margin-left: auto;margin-right: auto;margin-top:2%;width:100%;\"><\/div><div class=\"fusion-sep-clear\"><\/div><div class=\"fusion-text fusion-text-4\"><p>Bei der Umsetzung Ihrer Projekte denken wir aus Ihrer Sicht und beurteilen unsere eigene Arbeit aus der Sicht Ihres potentiellen Kunden. Ihr Unternehmen, Ihre Zielgruppe und Ihre Arbeit interessieren uns! So schaffen wir Unternehmensfotos, die Ihre Kunden auch tats\u00e4chlich ansprechen.<\/p>\n<p>Zur Planung unserer Arbeit f\u00fcr Sie geh\u00f6rt grunds\u00e4tzlich auch, ein Grundverst\u00e4ndnis Ihrer Arbeit zu entwickeln. Viel zu Oft haben wir selbst schon Bilder in der Werbung gesehen, die aus Sicht eines fachlichen Experten inhaltlich falsch sind. So falsch, dass sie alles andere als vorteilhaft f\u00fcr das werbende Unternehmen sind. Die Ursache solcher Fehler liegt meistens in schlechter Kommunikation und fehlendem Verst\u00e4ndnis f\u00fcr das Fotografierte.<\/p>\n<\/div><\/div><\/div><div class=\"fusion-clearfix\"><\/div><\/div><\/div><div class=\"fusion-layout-column fusion_builder_column fusion-builder-column-9 fusion_builder_column_2_5 2_5 fusion-two-fifth fusion-column-last tiles-styling img-eqh-cover img-px20\" style=\"--awb-bg-position:center center;--awb-bg-size:cover;width:40%;width:calc(40% - ( ( 1% ) * 0.4 ) );\"><div class=\"fusion-column-wrapper fusion-column-has-shadow fusion-flex-column-wrapper-legacy\"><div class=\"fusion-image-element in-legacy-container\" style=\"--awb-caption-title-font-family:var(--h2_typography-font-family);--awb-caption-title-font-weight:var(--h2_typography-font-weight);--awb-caption-title-font-style:var(--h2_typography-font-style);--awb-caption-title-size:var(--h2_typography-font-size);--awb-caption-title-transform:var(--h2_typography-text-transform);--awb-caption-title-line-height:var(--h2_typography-line-height);--awb-caption-title-letter-spacing:var(--h2_typography-letter-spacing);\"><span class=\" fusion-imageframe imageframe-none imageframe-3 hover-type-none\"><img decoding=\"async\" width=\"1200\" height=\"800\" alt=\"Interieur Aufnahme des dritten Behandlungszimmers einer Arztpraxis im M\u00fcnsterland |\u00a0Architekturfotograf f\u00fcr Praxisfotografie in Osnabr\u00fcck M\u00fcnster Bielefeld NRW Niedersachsen und bundesweit\" title=\"arzt-praxis-fotografie-image-hausarzt-nrw-niedersachsen-007\" src=\"https:\/\/www.moritzfaehse.de\/werbefotografie\/wp-content\/uploads\/2020\/06\/arzt-praxis-fotografie-image-hausarzt-nrw-niedersachsen-007-1200x800.jpg\" class=\"img-responsive wp-image-621\" srcset=\"https:\/\/www.moritzfaehse.de\/werbefotografie\/wp-content\/uploads\/2020\/06\/arzt-praxis-fotografie-image-hausarzt-nrw-niedersachsen-007-200x133.jpg 200w, https:\/\/www.moritzfaehse.de\/werbefotografie\/wp-content\/uploads\/2020\/06\/arzt-praxis-fotografie-image-hausarzt-nrw-niedersachsen-007-400x267.jpg 400w, https:\/\/www.moritzfaehse.de\/werbefotografie\/wp-content\/uploads\/2020\/06\/arzt-praxis-fotografie-image-hausarzt-nrw-niedersachsen-007-600x400.jpg 600w, https:\/\/www.moritzfaehse.de\/werbefotografie\/wp-content\/uploads\/2020\/06\/arzt-praxis-fotografie-image-hausarzt-nrw-niedersachsen-007-800x533.jpg 800w, https:\/\/www.moritzfaehse.de\/werbefotografie\/wp-content\/uploads\/2020\/06\/arzt-praxis-fotografie-image-hausarzt-nrw-niedersachsen-007-1200x800.jpg 1200w\" sizes=\"(max-width: 1000px) 100vw, 800px\" \/><\/span><\/div><div class=\"fusion-clearfix\"><\/div><\/div><\/div><\/div><\/div><div class=\"fusion-fullwidth fullwidth-box fusion-builder-row-6 hundred-percent-fullwidth non-hundred-percent-height-scrolling fusion-equal-height-columns mobile-tiles\" style=\"--awb-border-radius-top-left:0px;--awb-border-radius-top-right:0px;--awb-border-radius-bottom-right:0px;--awb-border-radius-bottom-left:0px;--awb-padding-right:5%;--awb-padding-left:5%;--awb-flex-wrap:wrap;\" ><div class=\"fusion-builder-row fusion-row\"><div class=\"fusion-layout-column fusion_builder_column fusion-builder-column-10 fusion_builder_column_2_5 2_5 fusion-two-fifth fusion-column-first tiles-styling img-eqh-cover \" style=\"--awb-bg-position:center center;--awb-bg-size:cover;width:40%;width:calc(40% - ( ( 1% ) * 0.4 ) );margin-right: 1%;\"><div class=\"fusion-column-wrapper fusion-column-has-shadow fusion-flex-column-wrapper-legacy\"><div class=\"fusion-image-element in-legacy-container\" style=\"--awb-caption-title-font-family:var(--h2_typography-font-family);--awb-caption-title-font-weight:var(--h2_typography-font-weight);--awb-caption-title-font-style:var(--h2_typography-font-style);--awb-caption-title-size:var(--h2_typography-font-size);--awb-caption-title-transform:var(--h2_typography-text-transform);--awb-caption-title-line-height:var(--h2_typography-line-height);--awb-caption-title-letter-spacing:var(--h2_typography-letter-spacing);\"><span class=\" fusion-imageframe imageframe-none imageframe-4 hover-type-none\"><img decoding=\"async\" width=\"1200\" height=\"904\" alt=\"Image Aufnahme eines Bio Bauern Landwirt mit Kiste voll biologisch angebautem Salat im Portrait | Fotograf in der Region Osnabr\u00fcck M\u00fcnster Bielefeld f\u00fcr Imagefotografie\" title=\"Image-Fotografie-Bio-Bauer-Landwirtsschaft-Fotograf-001\" src=\"https:\/\/www.moritzfaehse.de\/werbefotografie\/wp-content\/uploads\/2020\/06\/Image-Fotografie-Bio-Bauer-Landwirtsschaft-Fotograf-001-1200x904.jpg\" class=\"img-responsive wp-image-515\" srcset=\"https:\/\/www.moritzfaehse.de\/werbefotografie\/wp-content\/uploads\/2020\/06\/Image-Fotografie-Bio-Bauer-Landwirtsschaft-Fotograf-001-200x151.jpg 200w, https:\/\/www.moritzfaehse.de\/werbefotografie\/wp-content\/uploads\/2020\/06\/Image-Fotografie-Bio-Bauer-Landwirtsschaft-Fotograf-001-400x301.jpg 400w, https:\/\/www.moritzfaehse.de\/werbefotografie\/wp-content\/uploads\/2020\/06\/Image-Fotografie-Bio-Bauer-Landwirtsschaft-Fotograf-001-600x452.jpg 600w, https:\/\/www.moritzfaehse.de\/werbefotografie\/wp-content\/uploads\/2020\/06\/Image-Fotografie-Bio-Bauer-Landwirtsschaft-Fotograf-001-800x603.jpg 800w, https:\/\/www.moritzfaehse.de\/werbefotografie\/wp-content\/uploads\/2020\/06\/Image-Fotografie-Bio-Bauer-Landwirtsschaft-Fotograf-001-1200x904.jpg 1200w\" sizes=\"(max-width: 1000px) 100vw, 800px\" \/><\/span><\/div><div class=\"fusion-clearfix\"><\/div><\/div><\/div><div class=\"fusion-layout-column fusion_builder_column fusion-builder-column-11 fusion_builder_column_3_5 3_5 fusion-three-fifth fusion-column-last\" style=\"--awb-padding-top:10%;--awb-padding-right:10%;--awb-padding-bottom:10%;--awb-padding-left:10%;--awb-bg-size:cover;--awb-border-color:#828282;--awb-border-top:1px;--awb-border-right:1px;--awb-border-bottom:1px;--awb-border-left:1px;--awb-border-style:solid;width:60%;width:calc(60% - ( ( 1% ) * 0.6 ) );\"><div class=\"fusion-column-wrapper fusion-column-has-shadow fusion-flex-column-wrapper-legacy\"><div class=\"fusion-column-content-centered\"><div class=\"fusion-column-content\"><div class=\"fusion-title title fusion-title-5 fusion-sep-none fusion-title-text fusion-title-size-three\" style=\"--awb-margin-top-small:0px;--awb-margin-right-small:0px;--awb-margin-bottom-small:20px;--awb-margin-left-small:0px;--awb-font-size:25px;\"><h3 class=\"fusion-title-heading title-heading-left fusion-responsive-typography-calculated\" style=\"font-family:&quot;Montserrat&quot;;font-style:normal;font-weight:500;margin:0;font-size:1em;--fontSize:25;line-height:1.3;\">Typische Arbeitssituationen dem Kunden n\u00e4her bringen<\/h3><\/div><div class=\"fusion-sep-clear\"><\/div><div class=\"fusion-separator fusion-full-width-sep\" style=\"margin-left: auto;margin-right: auto;margin-top:2%;width:100%;\"><\/div><div class=\"fusion-sep-clear\"><\/div><div class=\"fusion-text fusion-text-5\"><p>Einen wichtigen Teil unserer Unternehmensfotografie stellt die Darstellung typischer Unternehmenst\u00e4tigkeiten. Was f\u00fcr Sie als Unternehmen m\u00f6glicherweise banal und selbstverst\u00e4ndlich wirkt, kann f\u00fcr Ihre Kunden durchaus schwer vorstellbar sein. Im Gegensatz zu h\u00e4ufig verwendeten Stockfotos sind solche Motive individuell statt austauschbar und st\u00e4rken das Vertrauen Ihrer potentiellen Kunden in Ihr Unternehmen.<\/p>\n<p>Je nach Situation fotografieren wir solche Motive sowohl nachgestellt als auch w\u00e4hrend der echten Arbeit im B\u00fcro oder vor Ort, wichtig ist dabei vor allem die Glaubw\u00fcrdigkeit. Bei dieser Art der Werbefotografie geht es nicht nur um die Darstellung typischer Arbeitssituationen und Unternehmenst\u00e4tigkeiten, sondern auch um die glaubhafte Darstellung <em>Ihres Unternehmens<\/em> bei der Arbeit.<\/p>\n<p>Die Wirkungskraft solcher Aufnahmen ist so gro\u00df, weil Sie als Unternehmen gezielt eine positive Stimmung bei Ihren Kunden erzeugen k\u00f6nnen. Dabei lassen die Bilder Sie authentisch und sympathisch wirken und sollten besonders bei der Gewinnung von Neukunden ber\u00fccksichtigt werden.<\/p>\n<\/div><\/div><\/div><div class=\"fusion-clearfix\"><\/div><\/div><\/div><\/div><\/div><div class=\"fusion-fullwidth fullwidth-box fusion-builder-row-7 hundred-percent-fullwidth non-hundred-percent-height-scrolling fusion-equal-height-columns reverse-cols mobile-tiles\" style=\"--awb-border-radius-top-left:0px;--awb-border-radius-top-right:0px;--awb-border-radius-bottom-right:0px;--awb-border-radius-bottom-left:0px;--awb-padding-right:5%;--awb-padding-left:5%;--awb-flex-wrap:wrap;\" ><div class=\"fusion-builder-row fusion-row\"><div class=\"fusion-layout-column fusion_builder_column fusion-builder-column-12 fusion_builder_column_3_5 3_5 fusion-three-fifth fusion-column-first\" style=\"--awb-padding-top:10%;--awb-padding-right:10%;--awb-padding-bottom:10%;--awb-padding-left:10%;--awb-bg-size:cover;--awb-border-color:#757575;--awb-border-top:1px;--awb-border-right:1px;--awb-border-bottom:1px;--awb-border-left:1px;--awb-border-style:solid;width:60%;width:calc(60% - ( ( 1% ) * 0.6 ) );margin-right: 1%;\"><div class=\"fusion-column-wrapper fusion-column-has-shadow fusion-flex-column-wrapper-legacy\"><div class=\"fusion-column-content-centered\"><div class=\"fusion-column-content\"><div class=\"fusion-title title fusion-title-6 fusion-sep-none fusion-title-text fusion-title-size-three\" style=\"--awb-margin-top-small:0px;--awb-margin-right-small:0px;--awb-margin-bottom-small:20px;--awb-margin-left-small:0px;--awb-font-size:25px;\"><h3 class=\"fusion-title-heading title-heading-left fusion-responsive-typography-calculated\" style=\"font-family:&quot;Montserrat&quot;;font-style:normal;font-weight:500;margin:0;font-size:1em;--fontSize:25;line-height:1.3;\">Gesch\u00e4ftsr\u00e4ume &amp; Architekturaufnahmen: Noch mehr Transparenz f\u00fcr Ihre Kunden<\/h3><\/div><div class=\"fusion-sep-clear\"><\/div><div class=\"fusion-separator fusion-full-width-sep\" style=\"margin-left: auto;margin-right: auto;margin-top:2%;width:100%;\"><\/div><div class=\"fusion-sep-clear\"><\/div><div class=\"fusion-text fusion-text-6\"><p>Ein weiterer wichtiger Aspekt Ihrer \u00f6ffentlichen Selbstdarstellung ist eine einladende, moderne Darstellung Ihrer Gesch\u00e4ftsr\u00e4ume &amp; Unternehmensgeb\u00e4ude. Ein schlechtes Bild l\u00e4sst das modernste Architektenhaus wie eine dunkle H\u00fctte aussehen, gute Architekturfotografie l\u00e4sst auch ein dunkles, beengtes B\u00fcrogeb\u00e4ude hell, freundlich und offen wirken.<\/p>\n<p>Wie Ihre potentiellen Kunden Ihr Unternehmen bereits vor dem ersten Kontakt wahrnehmen, liegt also ganz entscheidend an Ihrer gew\u00e4hlten Unternehmenskommunikation und der Bildsprache Ihrer Unternehmensfotografie.<\/p>\n<\/div><\/div><\/div><div class=\"fusion-clearfix\"><\/div><\/div><\/div><div class=\"fusion-layout-column fusion_builder_column fusion-builder-column-13 fusion_builder_column_2_5 2_5 fusion-two-fifth fusion-column-last tiles-styling img-eqh-cover \" style=\"--awb-bg-position:left center;--awb-bg-size:cover;width:40%;width:calc(40% - ( ( 1% ) * 0.4 ) );\"><div class=\"fusion-column-wrapper fusion-column-has-shadow fusion-flex-column-wrapper-legacy\"><div class=\"fusion-image-element in-legacy-container\" style=\"--awb-caption-title-font-family:var(--h2_typography-font-family);--awb-caption-title-font-weight:var(--h2_typography-font-weight);--awb-caption-title-font-style:var(--h2_typography-font-style);--awb-caption-title-size:var(--h2_typography-font-size);--awb-caption-title-transform:var(--h2_typography-text-transform);--awb-caption-title-line-height:var(--h2_typography-line-height);--awb-caption-title-letter-spacing:var(--h2_typography-letter-spacing);\"><span class=\" fusion-imageframe imageframe-none imageframe-5 hover-type-none\"><img decoding=\"async\" width=\"1200\" height=\"800\" alt=\"Freundlich helle Interieur Aufnahme der Gesch\u00e4ftsr\u00e4ume eines Unternehmens f\u00fcr Immobilienverwaltung |\u00a0Architekturfotograf f\u00fcr Unternehmensfotografie in Osnabr\u00fcck M\u00fcnster Bielefeld NRW Niedersachsen und bundesweit\" title=\"unternehmens-fotografie-image-r\u00e4umlicheiten-gutzki-hausverwaltung-makler-002\" src=\"https:\/\/moritzfaehse.de\/werbefotografie\/wp-content\/uploads\/2020\/06\/unternehmens-fotografie-image-r\u00e4umlicheiten-gutzki-hausverwaltung-makler-002-1200x800.jpg\" class=\"img-responsive wp-image-606\" srcset=\"https:\/\/www.moritzfaehse.de\/werbefotografie\/wp-content\/uploads\/2020\/06\/unternehmens-fotografie-image-r\u00e4umlicheiten-gutzki-hausverwaltung-makler-002-200x133.jpg 200w, https:\/\/www.moritzfaehse.de\/werbefotografie\/wp-content\/uploads\/2020\/06\/unternehmens-fotografie-image-r\u00e4umlicheiten-gutzki-hausverwaltung-makler-002-400x267.jpg 400w, https:\/\/www.moritzfaehse.de\/werbefotografie\/wp-content\/uploads\/2020\/06\/unternehmens-fotografie-image-r\u00e4umlicheiten-gutzki-hausverwaltung-makler-002-600x400.jpg 600w, https:\/\/www.moritzfaehse.de\/werbefotografie\/wp-content\/uploads\/2020\/06\/unternehmens-fotografie-image-r\u00e4umlicheiten-gutzki-hausverwaltung-makler-002-800x533.jpg 800w, https:\/\/www.moritzfaehse.de\/werbefotografie\/wp-content\/uploads\/2020\/06\/unternehmens-fotografie-image-r\u00e4umlicheiten-gutzki-hausverwaltung-makler-002-1200x800.jpg 1200w, https:\/\/www.moritzfaehse.de\/werbefotografie\/wp-content\/uploads\/2020\/06\/unternehmens-fotografie-image-r\u00e4umlicheiten-gutzki-hausverwaltung-makler-002-scaled.jpg 2560w\" sizes=\"(max-width: 1000px) 100vw, 800px\" \/><\/span><\/div><div class=\"fusion-clearfix\"><\/div><\/div><\/div><\/div><\/div><div class=\"fusion-fullwidth fullwidth-box fusion-builder-row-8 hundred-percent-fullwidth non-hundred-percent-height-scrolling fusion-equal-height-columns mobile-tiles\" style=\"--awb-border-radius-top-left:0px;--awb-border-radius-top-right:0px;--awb-border-radius-bottom-right:0px;--awb-border-radius-bottom-left:0px;--awb-padding-right:5%;--awb-padding-left:5%;--awb-flex-wrap:wrap;\" ><div class=\"fusion-builder-row fusion-row\"><div class=\"fusion-layout-column fusion_builder_column fusion-builder-column-14 fusion_builder_column_2_5 2_5 fusion-two-fifth fusion-column-first tiles-styling img-eqh-cover \" style=\"--awb-bg-position:center center;--awb-bg-size:cover;width:40%;width:calc(40% - ( ( 1% ) * 0.4 ) );margin-right: 1%;\"><div class=\"fusion-column-wrapper fusion-column-has-shadow fusion-flex-column-wrapper-legacy\"><div class=\"fusion-image-element in-legacy-container\" style=\"--awb-caption-title-font-family:var(--h2_typography-font-family);--awb-caption-title-font-weight:var(--h2_typography-font-weight);--awb-caption-title-font-style:var(--h2_typography-font-style);--awb-caption-title-size:var(--h2_typography-font-size);--awb-caption-title-transform:var(--h2_typography-text-transform);--awb-caption-title-line-height:var(--h2_typography-line-height);--awb-caption-title-letter-spacing:var(--h2_typography-letter-spacing);\"><span class=\" fusion-imageframe imageframe-none imageframe-6 hover-type-none\"><img decoding=\"async\" width=\"1200\" height=\"800\" alt=\"Image Aufnahme einer Event Agentur Businessportrait der Gesellschafter |\u00a0Fotograf in der Region Osnabr\u00fcck M\u00fcnster Bielefeld f\u00fcr Imagefotografie\" title=\"unternehmens-fotografie-image-aufnahmen-team-002\" src=\"https:\/\/moritzfaehse.de\/werbefotografie\/wp-content\/uploads\/2020\/06\/unternehmens-fotografie-image-aufnahmen-team-002-1200x800.jpg\" class=\"img-responsive wp-image-520\" srcset=\"https:\/\/www.moritzfaehse.de\/werbefotografie\/wp-content\/uploads\/2020\/06\/unternehmens-fotografie-image-aufnahmen-team-002-200x133.jpg 200w, https:\/\/www.moritzfaehse.de\/werbefotografie\/wp-content\/uploads\/2020\/06\/unternehmens-fotografie-image-aufnahmen-team-002-400x267.jpg 400w, https:\/\/www.moritzfaehse.de\/werbefotografie\/wp-content\/uploads\/2020\/06\/unternehmens-fotografie-image-aufnahmen-team-002-600x400.jpg 600w, https:\/\/www.moritzfaehse.de\/werbefotografie\/wp-content\/uploads\/2020\/06\/unternehmens-fotografie-image-aufnahmen-team-002-800x533.jpg 800w, https:\/\/www.moritzfaehse.de\/werbefotografie\/wp-content\/uploads\/2020\/06\/unternehmens-fotografie-image-aufnahmen-team-002-1200x800.jpg 1200w, https:\/\/www.moritzfaehse.de\/werbefotografie\/wp-content\/uploads\/2020\/06\/unternehmens-fotografie-image-aufnahmen-team-002-scaled.jpg 2560w\" sizes=\"(max-width: 1000px) 100vw, 800px\" \/><\/span><\/div><div class=\"fusion-clearfix\"><\/div><\/div><\/div><div class=\"fusion-layout-column fusion_builder_column fusion-builder-column-15 fusion_builder_column_3_5 3_5 fusion-three-fifth fusion-column-last\" style=\"--awb-padding-top:10%;--awb-padding-right:10%;--awb-padding-bottom:10%;--awb-padding-left:10%;--awb-bg-size:cover;--awb-border-color:#828282;--awb-border-top:1px;--awb-border-right:1px;--awb-border-bottom:1px;--awb-border-left:1px;--awb-border-style:solid;width:60%;width:calc(60% - ( ( 1% ) * 0.6 ) );\"><div class=\"fusion-column-wrapper fusion-column-has-shadow fusion-flex-column-wrapper-legacy\"><div class=\"fusion-column-content-centered\"><div class=\"fusion-column-content\"><div class=\"fusion-title title fusion-title-7 fusion-sep-none fusion-title-text fusion-title-size-three\" style=\"--awb-margin-top-small:0px;--awb-margin-right-small:0px;--awb-margin-bottom-small:20px;--awb-margin-left-small:0px;--awb-font-size:25px;\"><h3 class=\"fusion-title-heading title-heading-left fusion-responsive-typography-calculated\" style=\"font-family:&quot;Montserrat&quot;;font-style:normal;font-weight:500;margin:0;font-size:1em;--fontSize:25;line-height:1.3;\"><p class=\"p1\">Unser Engagement f\u00fcr eine langfristige Zusammenarbeit<\/p><\/h3><\/div><div class=\"fusion-sep-clear\"><\/div><div class=\"fusion-separator fusion-full-width-sep\" style=\"margin-left: auto;margin-right: auto;margin-top:2%;width:100%;\"><\/div><div class=\"fusion-sep-clear\"><\/div><div class=\"fusion-text fusion-text-7\"><p class=\"p1\">Zu unseren Kunden pflegen wir einen vertrauensvollen Umgang. Die termingerechte, budgetorientierte und stets qualitativ hochwertige Umsetzung uns anvertrauter Produktionen geh\u00f6rt f\u00fcr uns zum guten Ton. Der Erfolg Ihres Projektes und Ihre Zufriedenheit stehen bei uns immer im Mittelpunkt jeder Produktion, von der Planung \u00fcber die Umsetzung bis hin zur Postproduction. Als Kunde sind Sie f\u00fcr uns mehr als nur ein Auftrag, gegenseitige Wertsch\u00e4tzung und Vertrauen sind f\u00fcr uns die Basis einer guten Zusammenarbeit.<\/p>\n<\/div><\/div><\/div><div class=\"fusion-clearfix\"><\/div><\/div><\/div><\/div><\/div><div class=\"fusion-fullwidth fullwidth-box fusion-builder-row-9 hundred-percent-fullwidth non-hundred-percent-height-scrolling fusion-equal-height-columns mobile-tiles\" style=\"--awb-border-radius-top-left:0px;--awb-border-radius-top-right:0px;--awb-border-radius-bottom-right:0px;--awb-border-radius-bottom-left:0px;--awb-padding-right:5%;--awb-padding-left:5%;--awb-flex-wrap:wrap;\" ><div class=\"fusion-builder-row fusion-row\"><div class=\"fusion-layout-column fusion_builder_column fusion-builder-column-16 fusion_builder_column_1_1 1_1 fusion-one-full fusion-column-first fusion-column-last mfp-services-mobile\" style=\"--awb-padding-top:3%;--awb-padding-right:1%;--awb-padding-bottom:0px;--awb-padding-left:1%;--awb-bg-size:cover;--awb-border-color:#757575;--awb-border-top:1px;--awb-border-right:1px;--awb-border-bottom:1px;--awb-border-left:1px;--awb-border-style:solid;\"><div class=\"fusion-column-wrapper fusion-column-has-shadow fusion-flex-column-wrapper-legacy\"><div class=\"fusion-column-content-centered\"><div class=\"fusion-column-content\"><div class=\"fusion-text fusion-text-8 txt-smaller\"><h2 style=\"text-align: center;\">Unsere Fachgebiete in der Unternehmensfotografie<\/h2>\n<\/div><div class=\"fusion-builder-row fusion-builder-row-inner fusion-row\"><div class=\"fusion-layout-column fusion_builder_column_inner fusion-builder-nested-column-0 fusion_builder_column_inner_1_3 1_3 fusion-one-third fusion-column-first fusion-column-inner-bg-wrapper mfp-services\" style=\"--awb-padding-top:5vw;--awb-padding-right:3vw;--awb-padding-bottom:5vw;--awb-padding-left:3vw;--awb-inner-bg-image:url(&#039;https:\/\/moritzfaehse.de\/werbefotografie\/wp-content\/uploads\/2020\/04\/341A6250-1487-429E-BE5E-F5BD14695B61.jpg&#039;);--awb-inner-bg-position:center center;--awb-inner-bg-size:cover;--awb-margin-bottom:1%;width:33.3333333333%;width:calc(33.3333333333% - ( ( 1% + 1% ) * 0.333333333333 ) );margin-right: 1%;\"><span class=\"fusion-column-inner-bg hover-type-zoomin\"><a class=\"fusion-column-anchor\" href=\"https:\/\/moritzfaehse.de\/werbefotografie\/imagefotografie\/\"><span class=\"fusion-column-inner-bg-image\"><\/span><\/a><\/span><div class=\"fusion-column-wrapper fusion-column-has-shadow fusion-flex-column-wrapper-legacy fusion-column-has-bg-image\" data-bg-url=\"https:\/\/moritzfaehse.de\/werbefotografie\/wp-content\/uploads\/2020\/04\/341A6250-1487-429E-BE5E-F5BD14695B61.jpg\"><div class=\"fusion-column-content-centered\"><div class=\"fusion-column-content\"><div class=\"fusion-title title fusion-title-8 fusion-sep-none fusion-title-center fusion-title-text fusion-title-size-three\" style=\"--awb-text-color:#ffffff;--awb-margin-bottom:0px;--awb-margin-right-small:0px;--awb-margin-bottom-small:0px;--awb-margin-left-small:0px;--awb-sep-color:#ffffff;\"><h3 class=\"fusion-title-heading title-heading-center fusion-responsive-typography-calculated\" style=\"margin:0;--fontSize:30;line-height:1.3;\">Imagefotografie<\/h3><\/div><div class=\"fusion-text fusion-text-9\"><p style=\"text-align: center;\"><span style=\"color: #ffffff;\">Zeigen Sie Ihr Unternehmen von der besten Seite<\/span><\/p>\n<\/div><\/div><\/div><div class=\"fusion-clearfix\"><\/div><\/div><\/div><div class=\"fusion-layout-column fusion_builder_column_inner fusion-builder-nested-column-1 fusion_builder_column_inner_1_3 1_3 fusion-one-third fusion-column-inner-bg-wrapper mfp-services\" style=\"--awb-padding-top:4vh;--awb-padding-right:1vh;--awb-padding-bottom:4vh;--awb-padding-left:1vh;--awb-inner-bg-image:url(&#039;https:\/\/moritzfaehse.de\/werbefotografie\/wp-content\/uploads\/2020\/06\/business-fotografie-image-nrw-niedersachsen.jpg&#039;);--awb-inner-bg-position:center center;--awb-inner-bg-size:cover;--awb-margin-bottom:1%;width:33.3333333333%;width:calc(33.3333333333% - ( ( 1% + 1% ) * 0.333333333333 ) );margin-right: 1%;\"><span class=\"fusion-column-inner-bg hover-type-zoomin\"><a class=\"fusion-column-anchor\" href=\"https:\/\/moritzfaehse.de\/werbefotografie\/businessfotografie\/\"><span class=\"fusion-column-inner-bg-image\"><\/span><\/a><\/span><div class=\"fusion-column-wrapper fusion-column-has-shadow fusion-flex-column-wrapper-legacy fusion-column-has-bg-image\" data-bg-url=\"https:\/\/moritzfaehse.de\/werbefotografie\/wp-content\/uploads\/2020\/06\/business-fotografie-image-nrw-niedersachsen.jpg\"><div class=\"fusion-column-content-centered\"><div class=\"fusion-column-content\"><div class=\"fusion-title title fusion-title-9 fusion-sep-none fusion-title-center fusion-title-text fusion-title-size-three\" style=\"--awb-text-color:#ffffff;--awb-margin-bottom:0px;--awb-margin-right-small:0px;--awb-margin-bottom-small:0px;--awb-margin-left-small:0px;--awb-sep-color:#ffffff;\"><h3 class=\"fusion-title-heading title-heading-center fusion-responsive-typography-calculated\" style=\"margin:0;--fontSize:30;line-height:1.3;\">Businessfotografie<\/h3><\/div><div class=\"fusion-text fusion-text-10\"><p style=\"text-align: center;\"><span style=\"color: #ffffff;\">Ihr Unternehmen im Mittelpunkt<\/span><\/p>\n<\/div><\/div><\/div><div class=\"fusion-clearfix\"><\/div><\/div><\/div><div class=\"fusion-layout-column fusion_builder_column_inner fusion-builder-nested-column-2 fusion_builder_column_inner_1_3 1_3 fusion-one-third fusion-column-last fusion-column-inner-bg-wrapper mfp-services\" style=\"--awb-padding-top:4vh;--awb-padding-right:1vh;--awb-padding-bottom:4vh;--awb-padding-left:1vh;--awb-inner-bg-image:url(&#039;https:\/\/moritzfaehse.de\/werbefotografie\/wp-content\/uploads\/2020\/06\/architektur-fotografie-immobilien-nrw-niedersachsen.jpg&#039;);--awb-inner-bg-position:center center;--awb-inner-bg-size:cover;--awb-margin-bottom:1%;width:33.3333333333%;width:calc(33.3333333333% - ( ( 1% + 1% ) * 0.333333333333 ) );\"><span class=\"fusion-column-inner-bg hover-type-zoomin\"><a class=\"fusion-column-anchor\" href=\"https:\/\/moritzfaehse.de\/werbefotografie\/architekturfotografie\/\"><span class=\"fusion-column-inner-bg-image\"><\/span><\/a><\/span><div class=\"fusion-column-wrapper fusion-column-has-shadow fusion-flex-column-wrapper-legacy fusion-column-has-bg-image\" data-bg-url=\"https:\/\/moritzfaehse.de\/werbefotografie\/wp-content\/uploads\/2020\/06\/architektur-fotografie-immobilien-nrw-niedersachsen.jpg\"><div class=\"fusion-column-content-centered\"><div class=\"fusion-column-content\"><div class=\"fusion-title title fusion-title-10 fusion-sep-none fusion-title-center fusion-title-text fusion-title-size-three\" style=\"--awb-text-color:#ffffff;--awb-margin-bottom:0px;--awb-margin-right-small:0px;--awb-margin-bottom-small:0px;--awb-margin-left-small:0px;--awb-sep-color:#ffffff;\"><h3 class=\"fusion-title-heading title-heading-center fusion-responsive-typography-calculated\" style=\"margin:0;--fontSize:30;line-height:1.3;\">Architekturfotografie<\/h3><\/div><div class=\"fusion-text fusion-text-11\"><p style=\"text-align: center;\"><span style=\"color: #ffffff;\">Firmengeb\u00e4ude &amp; Gesch\u00e4ftsr\u00e4ume in Szene gesetzt<\/span><\/p>\n<\/div><\/div><\/div><div class=\"fusion-clearfix\"><\/div><\/div><\/div><div class=\"fusion-layout-column fusion_builder_column_inner fusion-builder-nested-column-3 fusion_builder_column_inner_1_3 1_3 fusion-one-third fusion-column-first fusion-column-inner-bg-wrapper mfp-services\" style=\"--awb-padding-top:4vh;--awb-padding-right:1vh;--awb-padding-bottom:4vh;--awb-padding-left:1vh;--awb-inner-bg-image:url(&#039;https:\/\/moritzfaehse.de\/werbefotografie\/wp-content\/uploads\/2020\/06\/produkt-fotografie-image-nrw-niedersachsen.jpg&#039;);--awb-inner-bg-position:center center;--awb-inner-bg-size:cover;--awb-margin-bottom:1%;width:33.3333333333%;width:calc(33.3333333333% - ( ( 1% + 1% ) * 0.333333333333 ) );margin-right: 1%;\"><span class=\"fusion-column-inner-bg hover-type-zoomin\"><a class=\"fusion-column-anchor\" href=\"https:\/\/moritzfaehse.de\/werbefotografie\/produktfotografie\/\"><span class=\"fusion-column-inner-bg-image\"><\/span><\/a><\/span><div class=\"fusion-column-wrapper fusion-column-has-shadow fusion-flex-column-wrapper-legacy fusion-column-has-bg-image\" data-bg-url=\"https:\/\/moritzfaehse.de\/werbefotografie\/wp-content\/uploads\/2020\/06\/produkt-fotografie-image-nrw-niedersachsen.jpg\"><div class=\"fusion-column-content-centered\"><div class=\"fusion-column-content\"><div class=\"fusion-title title fusion-title-11 fusion-sep-none fusion-title-center fusion-title-text fusion-title-size-three\" style=\"--awb-text-color:#ffffff;--awb-margin-bottom:0px;--awb-margin-right-small:0px;--awb-margin-bottom-small:0px;--awb-margin-left-small:0px;--awb-sep-color:#ffffff;\"><h3 class=\"fusion-title-heading title-heading-center fusion-responsive-typography-calculated\" style=\"margin:0;--fontSize:30;line-height:1.3;\">Produktfotografie<\/h3><\/div><div class=\"fusion-text fusion-text-12\"><p style=\"text-align: center;\"><span style=\"color: #ffffff;\">Ihre Produkte perfekt pr\u00e4sentiert<\/span><\/p>\n<\/div><\/div><\/div><div class=\"fusion-clearfix\"><\/div><\/div><\/div><div class=\"fusion-layout-column fusion_builder_column_inner fusion-builder-nested-column-4 fusion_builder_column_inner_1_3 1_3 fusion-one-third fusion-column-inner-bg-wrapper mfp-services\" style=\"--awb-padding-top:4vh;--awb-padding-right:1vh;--awb-padding-bottom:4vh;--awb-padding-left:1vh;--awb-inner-bg-image:url(&#039;https:\/\/moritzfaehse.de\/werbefotografie\/wp-content\/uploads\/2020\/06\/industrie-fotografie-reportage-nrw-niedersachsen.jpg&#039;);--awb-inner-bg-position:center center;--awb-inner-bg-size:cover;--awb-margin-bottom:1%;width:33.3333333333%;width:calc(33.3333333333% - ( ( 1% + 1% ) * 0.333333333333 ) );margin-right: 1%;\"><span class=\"fusion-column-inner-bg hover-type-zoomin\"><a class=\"fusion-column-anchor\" href=\"https:\/\/moritzfaehse.de\/werbefotografie\/industriefotografie\/\"><span class=\"fusion-column-inner-bg-image\"><\/span><\/a><\/span><div class=\"fusion-column-wrapper fusion-column-has-shadow fusion-flex-column-wrapper-legacy fusion-column-has-bg-image\" data-bg-url=\"https:\/\/moritzfaehse.de\/werbefotografie\/wp-content\/uploads\/2020\/06\/industrie-fotografie-reportage-nrw-niedersachsen.jpg\"><div class=\"fusion-column-content-centered\"><div class=\"fusion-column-content\"><div class=\"fusion-title title fusion-title-12 fusion-sep-none fusion-title-center fusion-title-text fusion-title-size-three\" style=\"--awb-text-color:#ffffff;--awb-margin-bottom:0px;--awb-margin-right-small:0px;--awb-margin-bottom-small:0px;--awb-margin-left-small:0px;--awb-sep-color:#ffffff;\"><h3 class=\"fusion-title-heading title-heading-center fusion-responsive-typography-calculated\" style=\"margin:0;--fontSize:30;line-height:1.3;\">Industriefotografie<\/h3><\/div><div class=\"fusion-text fusion-text-13\"><p style=\"text-align: center;\"><span style=\"color: #ffffff;\">In der Werkstatt, Fabrikhalle oder auf der Baustelle<\/span><\/p>\n<\/div><\/div><\/div><div class=\"fusion-clearfix\"><\/div><\/div><\/div><div class=\"fusion-layout-column fusion_builder_column_inner fusion-builder-nested-column-5 fusion_builder_column_inner_1_3 1_3 fusion-one-third fusion-column-last fusion-column-inner-bg-wrapper mfp-services\" style=\"--awb-padding-top:4vh;--awb-padding-right:1vh;--awb-padding-bottom:4vh;--awb-padding-left:1vh;--awb-inner-bg-image:url(&#039;https:\/\/moritzfaehse.de\/werbefotografie\/wp-content\/uploads\/2020\/06\/event-fotografie-business-nrw-niedersachsen.jpg&#039;);--awb-inner-bg-position:center center;--awb-inner-bg-size:cover;--awb-margin-bottom:1%;width:33.3333333333%;width:calc(33.3333333333% - ( ( 1% + 1% ) * 0.333333333333 ) );\"><span class=\"fusion-column-inner-bg hover-type-zoomin\"><a class=\"fusion-column-anchor\" href=\"https:\/\/moritzfaehse.de\/werbefotografie\/eventfotografie\/\"><span class=\"fusion-column-inner-bg-image\"><\/span><\/a><\/span><div class=\"fusion-column-wrapper fusion-column-has-shadow fusion-flex-column-wrapper-legacy fusion-column-has-bg-image\" data-bg-url=\"https:\/\/moritzfaehse.de\/werbefotografie\/wp-content\/uploads\/2020\/06\/event-fotografie-business-nrw-niedersachsen.jpg\"><div class=\"fusion-column-content-centered\"><div class=\"fusion-column-content\"><div class=\"fusion-title title fusion-title-13 fusion-sep-none fusion-title-center fusion-title-text fusion-title-size-three\" style=\"--awb-text-color:#ffffff;--awb-margin-bottom:0px;--awb-margin-right-small:0px;--awb-margin-bottom-small:0px;--awb-margin-left-small:0px;--awb-sep-color:#ffffff;\"><h3 class=\"fusion-title-heading title-heading-center fusion-responsive-typography-calculated\" style=\"margin:0;--fontSize:30;line-height:1.3;\">Eventfotografie<\/h3><\/div><div class=\"fusion-text fusion-text-14\"><p style=\"text-align: center;\"><span style=\"color: #ffffff;\">Ihr Unternehmen im Mittelpunkt<\/span><\/p>\n<\/div><\/div><\/div><div class=\"fusion-clearfix\"><\/div><\/div><\/div><div class=\"fusion-layout-column fusion_builder_column_inner fusion-builder-nested-column-6 fusion_builder_column_inner_1_3 1_3 fusion-one-third fusion-column-first fusion-column-inner-bg-wrapper mfp-services\" style=\"--awb-padding-top:4vh;--awb-padding-right:1vh;--awb-padding-bottom:4vh;--awb-padding-left:1vh;--awb-inner-bg-image:url(&#039;https:\/\/moritzfaehse.de\/werbefotografie\/wp-content\/uploads\/2020\/06\/portrait-fotografie-image-nrw-niedersachsen-600x480.jpg&#039;);--awb-inner-bg-position:center center;--awb-inner-bg-size:cover;--awb-margin-bottom:1%;width:33.3333333333%;width:calc(33.3333333333% - ( ( 1% + 1% ) * 0.333333333333 ) );margin-right: 1%;\"><span class=\"fusion-column-inner-bg hover-type-zoomin\"><a class=\"fusion-column-anchor\" href=\"https:\/\/moritzfaehse.de\/werbefotografie\/portraitfotografie\/\"><span class=\"fusion-column-inner-bg-image\"><\/span><\/a><\/span><div class=\"fusion-column-wrapper fusion-column-has-shadow fusion-flex-column-wrapper-legacy fusion-column-has-bg-image\" data-bg-url=\"https:\/\/moritzfaehse.de\/werbefotografie\/wp-content\/uploads\/2020\/06\/portrait-fotografie-image-nrw-niedersachsen-600x480.jpg\"><div class=\"fusion-column-content-centered\"><div class=\"fusion-column-content\"><div class=\"fusion-title title fusion-title-14 fusion-sep-none fusion-title-center fusion-title-text fusion-title-size-three\" style=\"--awb-text-color:#ffffff;--awb-margin-bottom:0px;--awb-margin-right-small:0px;--awb-margin-bottom-small:0px;--awb-margin-left-small:0px;--awb-sep-color:#ffffff;\"><h3 class=\"fusion-title-heading title-heading-center fusion-responsive-typography-calculated\" style=\"margin:0;--fontSize:30;line-height:1.3;\">Portraitfotografie<\/h3><\/div><div class=\"fusion-text fusion-text-15\"><p style=\"text-align: center;\"><span style=\"color: #ffffff;\">Zeigen wir die Menschen, die f\u00fcr ihr Unternehmen stehen\u00a0<\/span><\/p>\n<\/div><\/div><\/div><div class=\"fusion-clearfix\"><\/div><\/div><\/div><div class=\"fusion-layout-column fusion_builder_column_inner fusion-builder-nested-column-7 fusion_builder_column_inner_1_3 1_3 fusion-one-third fusion-column-inner-bg-wrapper mfp-services\" style=\"--awb-padding-top:4vh;--awb-padding-right:1vh;--awb-padding-bottom:4vh;--awb-padding-left:1vh;--awb-inner-bg-image:url(&#039;https:\/\/moritzfaehse.de\/werbefotografie\/wp-content\/uploads\/2020\/06\/food-fotografie-photograhy-nrw-niedersachsen.jpg&#039;);--awb-inner-bg-position:center center;--awb-inner-bg-size:cover;--awb-margin-bottom:1%;width:33.3333333333%;width:calc(33.3333333333% - ( ( 1% + 1% ) * 0.333333333333 ) );margin-right: 1%;\"><span class=\"fusion-column-inner-bg hover-type-zoomin\"><a class=\"fusion-column-anchor\" href=\"https:\/\/moritzfaehse.de\/werbefotografie\/foodfotografie\/\"><span class=\"fusion-column-inner-bg-image\"><\/span><\/a><\/span><div class=\"fusion-column-wrapper fusion-column-has-shadow fusion-flex-column-wrapper-legacy fusion-column-has-bg-image\" data-bg-url=\"https:\/\/moritzfaehse.de\/werbefotografie\/wp-content\/uploads\/2020\/06\/food-fotografie-photograhy-nrw-niedersachsen.jpg\"><div class=\"fusion-column-content-centered\"><div class=\"fusion-column-content\"><div class=\"fusion-title title fusion-title-15 fusion-sep-none fusion-title-center fusion-title-text fusion-title-size-three\" style=\"--awb-text-color:#ffffff;--awb-margin-bottom:0px;--awb-margin-right-small:0px;--awb-margin-bottom-small:0px;--awb-margin-left-small:0px;--awb-sep-color:#ffffff;\"><h3 class=\"fusion-title-heading title-heading-center fusion-responsive-typography-calculated\" style=\"margin:0;--fontSize:30;line-height:1.3;\">Foodfotografie<\/h3><\/div><div class=\"fusion-text fusion-text-16\"><p style=\"text-align: center;\"><span style=\"color: #ffffff;\">Restaurant, Magazin oder Produzent? Ihre Lebensmittel appetitlich fotografiert<\/span><\/p>\n<\/div><\/div><\/div><div class=\"fusion-clearfix\"><\/div><\/div><\/div><div class=\"fusion-layout-column fusion_builder_column_inner fusion-builder-nested-column-8 fusion_builder_column_inner_1_3 1_3 fusion-one-third fusion-column-last fusion-column-inner-bg-wrapper mfp-services\" style=\"--awb-padding-top:4vh;--awb-padding-right:1vh;--awb-padding-bottom:4vh;--awb-padding-left:1vh;--awb-inner-bg-image:url(&#039;https:\/\/moritzfaehse.de\/werbefotografie\/wp-content\/uploads\/2020\/06\/luftbild-fotografie-drohne-nrw-niedersachsen.jpg&#039;);--awb-inner-bg-position:center center;--awb-inner-bg-size:cover;--awb-margin-bottom:1%;width:33.3333333333%;width:calc(33.3333333333% - ( ( 1% + 1% ) * 0.333333333333 ) );\"><span class=\"fusion-column-inner-bg hover-type-zoomin\"><a class=\"fusion-column-anchor\" href=\"https:\/\/moritzfaehse.de\/werbefotografie\/drohnenfotografie-luftaufnahmen\/\"><span class=\"fusion-column-inner-bg-image\"><\/span><\/a><\/span><div class=\"fusion-column-wrapper fusion-column-has-shadow fusion-flex-column-wrapper-legacy fusion-column-has-bg-image\" data-bg-url=\"https:\/\/moritzfaehse.de\/werbefotografie\/wp-content\/uploads\/2020\/06\/luftbild-fotografie-drohne-nrw-niedersachsen.jpg\"><div class=\"fusion-column-content-centered\"><div class=\"fusion-column-content\"><div class=\"fusion-title title fusion-title-16 fusion-sep-none fusion-title-center fusion-title-text fusion-title-size-three\" style=\"--awb-text-color:#ffffff;--awb-margin-bottom:0px;--awb-margin-right-small:0px;--awb-margin-bottom-small:0px;--awb-margin-left-small:0px;--awb-sep-color:#ffffff;\"><h3 class=\"fusion-title-heading title-heading-center fusion-responsive-typography-calculated\" style=\"margin:0;--fontSize:30;line-height:1.3;\">Luftaufnahmen \/ Drohne<\/h3><\/div><div class=\"fusion-text fusion-text-17\"><p style=\"text-align: center;\"><span style=\"color: #ffffff;\">Heben wir gemeinsam ab und schaffen wir neue Perspektiven<\/span><\/p>\n<\/div><\/div><\/div><div class=\"fusion-clearfix\"><\/div><\/div><\/div><\/div><\/div><\/div><div class=\"fusion-clearfix\"><\/div><\/div><\/div><\/div><\/div><div class=\"fusion-fullwidth fullwidth-box fusion-builder-row-10 hundred-percent-fullwidth non-hundred-percent-height-scrolling\" style=\"--awb-border-radius-top-left:0px;--awb-border-radius-top-right:0px;--awb-border-radius-bottom-right:0px;--awb-border-radius-bottom-left:0px;--awb-padding-top:2vw;--awb-padding-right:5%;--awb-padding-left:5%;--awb-flex-wrap:wrap;\" ><div class=\"fusion-builder-row fusion-row\"><div class=\"fusion-layout-column fusion_builder_column fusion-builder-column-17 fusion_builder_column_1_1 1_1 fusion-one-full fusion-column-first fusion-column-last\" style=\"--awb-padding-top:3vw;--awb-padding-right:3vw;--awb-padding-bottom:3vw;--awb-padding-left:3vw;--awb-bg-size:cover;--awb-border-color:#000000;--awb-border-top:1px;--awb-border-right:1px;--awb-border-bottom:1px;--awb-border-left:1px;--awb-border-style:solid;\"><div class=\"fusion-column-wrapper fusion-column-has-shadow fusion-flex-column-wrapper-legacy\"><div class=\"fusion-column-content-centered\"><div class=\"fusion-column-content\"><div class=\"fusion-title title fusion-title-17 fusion-sep-none fusion-title-center fusion-title-text fusion-title-size-two\" style=\"--awb-margin-top-small:0px;--awb-margin-right-small:0px;--awb-margin-bottom-small:20px;--awb-margin-left-small:0px;\"><h2 class=\"fusion-title-heading title-heading-center fusion-responsive-typography-calculated\" style=\"margin:0;--fontSize:32;line-height:1.2;\">Wie steht es um Ihre Unternehmensfotografie?<\/h2><\/div><div class=\"fusion-text fusion-text-18\"><p>W\u00fcnschen auch Sie sich eine moderne &amp; elegante Bildsprache f\u00fcr Ihr Unternehmen? Dann schreiben Sie uns jetzt eine Nachricht und wir melden uns schnellstm\u00f6glich bei Ihnen oder rufen Sie uns direkt an.<\/p>\n<\/div><div class=\"fusion-button-wrapper fusion-aligncenter\"><a class=\"fusion-button button-flat button-large button-default fusion-button-default button-1 fusion-button-default-span fusion-button-default-type\" target=\"_self\" href=\"https:\/\/moritzfaehse.de\/werbefotografie\/kontakt\/\"><span class=\"fusion-button-text awb-button__text awb-button__text--default\">Zum Kontakt<\/span><\/a><\/div><\/div><\/div><div class=\"fusion-clearfix\"><\/div><\/div><\/div><\/div><\/div><\/p>\n","protected":false},"excerpt":{"rendered":"","protected":false},"author":1,"featured_media":0,"parent":0,"menu_order":0,"comment_status":"closed","ping_status":"closed","template":"100-width.php","meta":{"footnotes":""},"class_list":["post-19","page","type-page","status-publish","hentry"],"yoast_head":"<!-- This site is optimized with the Yoast SEO plugin v27.5 - https:\/\/yoast.com\/product\/yoast-seo-wordpress\/ -->\n<title>Unternehmensfotografie - Moritz F\u00e4hse Photography<\/title>\n<meta name=\"description\" content=\"Professionelle Unternehmensfotografie im M\u00fcnsterland &amp; bundesweit f\u00fcr die Bereiche Image, Werbung, Portrait, Architektur, Industrie, Event &amp; Luftaufnahmen.\" \/>\n<meta name=\"robots\" content=\"index, follow, max-snippet:-1, max-image-preview:large, max-video-preview:-1\" \/>\n<link rel=\"canonical\" href=\"https:\/\/www.moritzfaehse.de\/werbefotografie\/unternehmensfotografie\/\" \/>\n<meta property=\"og:locale\" content=\"de_DE\" \/>\n<meta property=\"og:type\" content=\"article\" \/>\n<meta property=\"og:title\" content=\"Unternehmensfotografie - Moritz F\u00e4hse Photography\" \/>\n<meta property=\"og:description\" content=\"Professionelle Unternehmensfotografie im M\u00fcnsterland &amp; bundesweit f\u00fcr die Bereiche Image, Werbung, Portrait, Architektur, Industrie, Event &amp; Luftaufnahmen.\" \/>\n<meta property=\"og:url\" content=\"https:\/\/www.moritzfaehse.de\/werbefotografie\/unternehmensfotografie\/\" \/>\n<meta property=\"og:site_name\" content=\"Moritz F\u00e4hse Photography\" \/>\n<meta property=\"article:modified_time\" content=\"2020-12-20T16:37:43+00:00\" \/>\n<meta property=\"og:image\" content=\"https:\/\/www.moritzfaehse.de\/werbefotografie\/wp-content\/uploads\/2020\/06\/architektur-interieur-fotografie-hamburg-uebersee-quartier-haltestelle-002-1920x.jpg\" \/>\n\t<meta property=\"og:image:width\" content=\"1920\" \/>\n\t<meta property=\"og:image:height\" content=\"1536\" \/>\n\t<meta property=\"og:image:type\" content=\"image\/jpeg\" \/>\n<meta name=\"twitter:card\" content=\"summary_large_image\" \/>\n<meta name=\"twitter:label1\" content=\"Gesch\u00e4tzte Lesezeit\" \/>\n\t<meta name=\"twitter:data1\" content=\"59\u00a0Minuten\" \/>\n<script type=\"application\/ld+json\" class=\"yoast-schema-graph\">{\"@context\":\"https:\\\/\\\/schema.org\",\"@graph\":[{\"@type\":\"WebPage\",\"@id\":\"https:\\\/\\\/www.moritzfaehse.de\\\/werbefotografie\\\/unternehmensfotografie\\\/\",\"url\":\"https:\\\/\\\/www.moritzfaehse.de\\\/werbefotografie\\\/unternehmensfotografie\\\/\",\"name\":\"Unternehmensfotografie - Moritz F\u00e4hse Photography\",\"isPartOf\":{\"@id\":\"https:\\\/\\\/www.moritzfaehse.de\\\/werbefotografie\\\/#website\"},\"datePublished\":\"2020-04-12T01:58:53+00:00\",\"dateModified\":\"2020-12-20T16:37:43+00:00\",\"description\":\"Professionelle Unternehmensfotografie im M\u00fcnsterland & bundesweit f\u00fcr die Bereiche Image, Werbung, Portrait, Architektur, Industrie, Event & Luftaufnahmen.\",\"breadcrumb\":{\"@id\":\"https:\\\/\\\/www.moritzfaehse.de\\\/werbefotografie\\\/unternehmensfotografie\\\/#breadcrumb\"},\"inLanguage\":\"de\",\"potentialAction\":[{\"@type\":\"ReadAction\",\"target\":[\"https:\\\/\\\/www.moritzfaehse.de\\\/werbefotografie\\\/unternehmensfotografie\\\/\"]}]},{\"@type\":\"BreadcrumbList\",\"@id\":\"https:\\\/\\\/www.moritzfaehse.de\\\/werbefotografie\\\/unternehmensfotografie\\\/#breadcrumb\",\"itemListElement\":[{\"@type\":\"ListItem\",\"position\":1,\"name\":\"Startseite\",\"item\":\"https:\\\/\\\/www.moritzfaehse.de\\\/werbefotografie\\\/\"},{\"@type\":\"ListItem\",\"position\":2,\"name\":\"Unternehmensfotografie\"}]},{\"@type\":\"WebSite\",\"@id\":\"https:\\\/\\\/www.moritzfaehse.de\\\/werbefotografie\\\/#website\",\"url\":\"https:\\\/\\\/www.moritzfaehse.de\\\/werbefotografie\\\/\",\"name\":\"Moritz F\u00e4hse Photography\",\"description\":\"Werbefotografie im M\u00fcnsterland\",\"publisher\":{\"@id\":\"https:\\\/\\\/www.moritzfaehse.de\\\/werbefotografie\\\/#organization\"},\"potentialAction\":[{\"@type\":\"SearchAction\",\"target\":{\"@type\":\"EntryPoint\",\"urlTemplate\":\"https:\\\/\\\/www.moritzfaehse.de\\\/werbefotografie\\\/?s={search_term_string}\"},\"query-input\":{\"@type\":\"PropertyValueSpecification\",\"valueRequired\":true,\"valueName\":\"search_term_string\"}}],\"inLanguage\":\"de\"},{\"@type\":\"Organization\",\"@id\":\"https:\\\/\\\/www.moritzfaehse.de\\\/werbefotografie\\\/#organization\",\"name\":\"Moritz F\u00e4hse Photography |\u00a0Werbefotografie im M\u00fcnsterland\",\"url\":\"https:\\\/\\\/www.moritzfaehse.de\\\/werbefotografie\\\/\",\"logo\":{\"@type\":\"ImageObject\",\"inLanguage\":\"de\",\"@id\":\"https:\\\/\\\/www.moritzfaehse.de\\\/werbefotografie\\\/#\\\/schema\\\/logo\\\/image\\\/\",\"url\":\"https:\\\/\\\/www.moritzfaehse.de\\\/werbefotografie\\\/wp-content\\\/uploads\\\/2020\\\/06\\\/moritz-fa\u0308hse-photography-logo-1000.png\",\"contentUrl\":\"https:\\\/\\\/www.moritzfaehse.de\\\/werbefotografie\\\/wp-content\\\/uploads\\\/2020\\\/06\\\/moritz-fa\u0308hse-photography-logo-1000.png\",\"width\":1000,\"height\":71,\"caption\":\"Moritz F\u00e4hse Photography |\u00a0Werbefotografie im M\u00fcnsterland\"},\"image\":{\"@id\":\"https:\\\/\\\/www.moritzfaehse.de\\\/werbefotografie\\\/#\\\/schema\\\/logo\\\/image\\\/\"}}]}<\/script>\n<!-- \/ Yoast SEO plugin. -->","yoast_head_json":{"title":"Unternehmensfotografie - Moritz F\u00e4hse Photography","description":"Professionelle Unternehmensfotografie im M\u00fcnsterland & bundesweit f\u00fcr die Bereiche Image, Werbung, Portrait, Architektur, Industrie, Event & Luftaufnahmen.","robots":{"index":"index","follow":"follow","max-snippet":"max-snippet:-1","max-image-preview":"max-image-preview:large","max-video-preview":"max-video-preview:-1"},"canonical":"https:\/\/www.moritzfaehse.de\/werbefotografie\/unternehmensfotografie\/","og_locale":"de_DE","og_type":"article","og_title":"Unternehmensfotografie - Moritz F\u00e4hse Photography","og_description":"Professionelle Unternehmensfotografie im M\u00fcnsterland & bundesweit f\u00fcr die Bereiche Image, Werbung, Portrait, Architektur, Industrie, Event & Luftaufnahmen.","og_url":"https:\/\/www.moritzfaehse.de\/werbefotografie\/unternehmensfotografie\/","og_site_name":"Moritz F\u00e4hse Photography","article_modified_time":"2020-12-20T16:37:43+00:00","og_image":[{"width":1920,"height":1536,"url":"https:\/\/www.moritzfaehse.de\/werbefotografie\/wp-content\/uploads\/2020\/06\/architektur-interieur-fotografie-hamburg-uebersee-quartier-haltestelle-002-1920x.jpg","type":"image\/jpeg"}],"twitter_card":"summary_large_image","twitter_misc":{"Gesch\u00e4tzte Lesezeit":"59\u00a0Minuten"},"schema":{"@context":"https:\/\/schema.org","@graph":[{"@type":"WebPage","@id":"https:\/\/www.moritzfaehse.de\/werbefotografie\/unternehmensfotografie\/","url":"https:\/\/www.moritzfaehse.de\/werbefotografie\/unternehmensfotografie\/","name":"Unternehmensfotografie - Moritz F\u00e4hse Photography","isPartOf":{"@id":"https:\/\/www.moritzfaehse.de\/werbefotografie\/#website"},"datePublished":"2020-04-12T01:58:53+00:00","dateModified":"2020-12-20T16:37:43+00:00","description":"Professionelle Unternehmensfotografie im M\u00fcnsterland & bundesweit f\u00fcr die Bereiche Image, Werbung, Portrait, Architektur, Industrie, Event & Luftaufnahmen.","breadcrumb":{"@id":"https:\/\/www.moritzfaehse.de\/werbefotografie\/unternehmensfotografie\/#breadcrumb"},"inLanguage":"de","potentialAction":[{"@type":"ReadAction","target":["https:\/\/www.moritzfaehse.de\/werbefotografie\/unternehmensfotografie\/"]}]},{"@type":"BreadcrumbList","@id":"https:\/\/www.moritzfaehse.de\/werbefotografie\/unternehmensfotografie\/#breadcrumb","itemListElement":[{"@type":"ListItem","position":1,"name":"Startseite","item":"https:\/\/www.moritzfaehse.de\/werbefotografie\/"},{"@type":"ListItem","position":2,"name":"Unternehmensfotografie"}]},{"@type":"WebSite","@id":"https:\/\/www.moritzfaehse.de\/werbefotografie\/#website","url":"https:\/\/www.moritzfaehse.de\/werbefotografie\/","name":"Moritz F\u00e4hse Photography","description":"Werbefotografie im M\u00fcnsterland","publisher":{"@id":"https:\/\/www.moritzfaehse.de\/werbefotografie\/#organization"},"potentialAction":[{"@type":"SearchAction","target":{"@type":"EntryPoint","urlTemplate":"https:\/\/www.moritzfaehse.de\/werbefotografie\/?s={search_term_string}"},"query-input":{"@type":"PropertyValueSpecification","valueRequired":true,"valueName":"search_term_string"}}],"inLanguage":"de"},{"@type":"Organization","@id":"https:\/\/www.moritzfaehse.de\/werbefotografie\/#organization","name":"Moritz F\u00e4hse Photography |\u00a0Werbefotografie im M\u00fcnsterland","url":"https:\/\/www.moritzfaehse.de\/werbefotografie\/","logo":{"@type":"ImageObject","inLanguage":"de","@id":"https:\/\/www.moritzfaehse.de\/werbefotografie\/#\/schema\/logo\/image\/","url":"https:\/\/www.moritzfaehse.de\/werbefotografie\/wp-content\/uploads\/2020\/06\/moritz-fa\u0308hse-photography-logo-1000.png","contentUrl":"https:\/\/www.moritzfaehse.de\/werbefotografie\/wp-content\/uploads\/2020\/06\/moritz-fa\u0308hse-photography-logo-1000.png","width":1000,"height":71,"caption":"Moritz F\u00e4hse Photography |\u00a0Werbefotografie im M\u00fcnsterland"},"image":{"@id":"https:\/\/www.moritzfaehse.de\/werbefotografie\/#\/schema\/logo\/image\/"}}]}},"_links":{"self":[{"href":"https:\/\/www.moritzfaehse.de\/werbefotografie\/wp-json\/wp\/v2\/pages\/19","targetHints":{"allow":["GET"]}}],"collection":[{"href":"https:\/\/www.moritzfaehse.de\/werbefotografie\/wp-json\/wp\/v2\/pages"}],"about":[{"href":"https:\/\/www.moritzfaehse.de\/werbefotografie\/wp-json\/wp\/v2\/types\/page"}],"author":[{"embeddable":true,"href":"https:\/\/www.moritzfaehse.de\/werbefotografie\/wp-json\/wp\/v2\/users\/1"}],"replies":[{"embeddable":true,"href":"https:\/\/www.moritzfaehse.de\/werbefotografie\/wp-json\/wp\/v2\/comments?post=19"}],"version-history":[{"count":68,"href":"https:\/\/www.moritzfaehse.de\/werbefotografie\/wp-json\/wp\/v2\/pages\/19\/revisions"}],"predecessor-version":[{"id":1496,"href":"https:\/\/www.moritzfaehse.de\/werbefotografie\/wp-json\/wp\/v2\/pages\/19\/revisions\/1496"}],"wp:attachment":[{"href":"https:\/\/www.moritzfaehse.de\/werbefotografie\/wp-json\/wp\/v2\/media?parent=19"}],"curies":[{"name":"wp","href":"https:\/\/api.w.org\/{rel}","templated":true}]}}