{"id":13,"date":"2020-04-12T03:58:03","date_gmt":"2020-04-12T01:58:03","guid":{"rendered":"https:\/\/moritzfaehse.de\/werbefotografie\/?page_id=13"},"modified":"2024-02-19T04:33:23","modified_gmt":"2024-02-19T03:33:23","slug":"kontakt","status":"publish","type":"page","link":"https:\/\/www.moritzfaehse.de\/werbefotografie\/kontakt\/","title":{"rendered":"Kontakt"},"content":{"rendered":"<p><div class=\"fusion-fullwidth fullwidth-box fusion-builder-row-1 hundred-percent-fullwidth non-hundred-percent-height-scrolling\" style=\"--awb-border-radius-top-left:0px;--awb-border-radius-top-right:0px;--awb-border-radius-bottom-right:0px;--awb-border-radius-bottom-left:0px;--awb-padding-top:0px;--awb-padding-right:5%;--awb-padding-bottom:0px;--awb-padding-left:5%;--awb-margin-bottom:0px;--awb-flex-wrap:wrap;\" ><div class=\"fusion-builder-row fusion-row\"><div class=\"fusion-layout-column fusion_builder_column fusion-builder-column-0 fusion_builder_column_1_1 1_1 fusion-one-full fusion-column-first fusion-column-last\" style=\"--awb-padding-top:1%;--awb-bg-size:cover;\"><div class=\"fusion-column-wrapper fusion-column-has-shadow fusion-flex-column-wrapper-legacy\"><div class=\"fusion-title title fusion-title-1 fusion-sep-none fusion-title-center fusion-title-text fusion-title-size-one\" style=\"--awb-margin-bottom:10px;--awb-margin-right-small:0px;--awb-margin-bottom-small:5px;--awb-margin-left-small:0px;--awb-font-size:35px;\"><h1 class=\"fusion-title-heading title-heading-center fusion-responsive-typography-calculated\" style=\"font-family:&quot;Montserrat&quot;;font-style:normal;font-weight:500;margin:0;font-size:1em;--fontSize:35;line-height:1.16;\">Welche Art von Bildern ben\u00f6tigen Sie f\u00fcr Ihr Unternehmen?<\/h1><\/div><div class=\"fusion-sep-clear\"><\/div><div class=\"fusion-separator\" style=\"margin-left: auto;margin-right: auto;margin-top:0px;margin-bottom:0px;width:100%;max-width:60%;\"><div class=\"fusion-separator-border sep-shadow\" style=\"--awb-height:20px;--awb-amount:20px;--awb-sep-color:#000000;background:radial-gradient(ellipse at 50% -50% , #000000 0px, rgba(255, 255, 255, 0) 80%) repeat scroll 0 0 rgba(0, 0, 0, 0);background:-webkit-radial-gradient(ellipse at 50% -50% , #000000 0px, rgba(255, 255, 255, 0) 80%) repeat scroll 0 0 rgba(0, 0, 0, 0);background:-moz-radial-gradient(ellipse at 50% -50% , #000000 0px, rgba(255, 255, 255, 0) 80%) repeat scroll 0 0 rgba(0, 0, 0, 0);background:-o-radial-gradient(ellipse at 50% -50% , #000000 0px, rgba(255, 255, 255, 0) 80%) repeat scroll 0 0 rgba(0, 0, 0, 0);\"><\/div><\/div><div class=\"fusion-sep-clear\"><\/div><div class=\"fusion-clearfix\"><\/div><\/div><\/div><\/div><\/div><div class=\"fusion-fullwidth fullwidth-box fusion-builder-row-2 hundred-percent-fullwidth non-hundred-percent-height-scrolling fusion-equal-height-columns fusion-no-small-visibility fusion-no-medium-visibility\" style=\"--awb-border-radius-top-left:0px;--awb-border-radius-top-right:0px;--awb-border-radius-bottom-right:0px;--awb-border-radius-bottom-left:0px;--awb-padding-right:5%;--awb-padding-left:5%;--awb-margin-top:3%;--awb-margin-bottom:1%;--awb-flex-wrap:wrap;\" ><div class=\"fusion-builder-row fusion-row\"><div class=\"fusion-layout-column fusion_builder_column fusion-builder-column-1 fusion_builder_column_1_2 1_2 fusion-one-half fusion-column-first\" style=\"--awb-bg-image:url(&#039;https:\/\/moritzfaehse.de\/werbefotografie\/wp-content\/uploads\/2020\/06\/uhrenfotografie-omega-planet-ocean-chronograph-600m-divers-watch-photography-001-1200x1680.jpg&#039;);--awb-bg-position:center center;--awb-bg-size:cover;width:50%;width:calc(50% - ( ( 0 ) * 0.5 ) );margin-right: 0px;\"><div class=\"fusion-column-wrapper fusion-column-has-shadow fusion-flex-column-wrapper-legacy fusion-empty-column-bg-image fusion-column-has-bg-image\" data-bg-url=\"https:\/\/moritzfaehse.de\/werbefotografie\/wp-content\/uploads\/2020\/06\/uhrenfotografie-omega-planet-ocean-chronograph-600m-divers-watch-photography-001-1200x1680.jpg\"><img decoding=\"async\" class=\"fusion-empty-dims-img-placeholder fusion-no-large-visibility\" src=\"data:image\/gif;base64,R0lGODlhAQABAAAAACH5BAEKAAEALAAAAAABAAEAAAICTAEAOw==\"><div class=\"fusion-clearfix\"><\/div><\/div><\/div><div class=\"fusion-layout-column fusion_builder_column fusion-builder-column-2 fusion_builder_column_1_2 1_2 fusion-one-half fusion-column-last\" style=\"--awb-padding-top:5%;--awb-padding-right:5%;--awb-padding-bottom:5%;--awb-padding-left:5%;--awb-bg-size:cover;--awb-border-color:#afafaf;--awb-border-top:1px;--awb-border-right:1px;--awb-border-bottom:1px;--awb-border-left:1px;--awb-border-style:solid;width:50%;width:calc(50% - ( ( 0 ) * 0.5 ) );\"><div class=\"fusion-column-wrapper fusion-column-has-shadow fusion-flex-column-wrapper-legacy\"><div class=\"fusion-column-content-centered\"><div class=\"fusion-column-content\"><div class=\"js-hm-form\" id=\"kreativmanagement\" data-theme=\"modern\" data-form-id=\"78225f2c-ac4f-4b16-9c30-55213dca101a\"><\/div><script src=\"https:\/\/app.kreativ.management:443\/ContactForm\/GetContactFormWidget\"><\/script><\/div><\/div><div class=\"fusion-clearfix\"><\/div><\/div><\/div><\/div><\/div><div class=\"fusion-fullwidth fullwidth-box fusion-builder-row-3 hundred-percent-fullwidth non-hundred-percent-height-scrolling fusion-equal-height-columns fusion-no-large-visibility\" style=\"--awb-border-radius-top-left:0px;--awb-border-radius-top-right:0px;--awb-border-radius-bottom-right:0px;--awb-border-radius-bottom-left:0px;--awb-padding-right:5%;--awb-padding-left:5%;--awb-margin-top:3%;--awb-margin-bottom:1%;--awb-flex-wrap:wrap;\" ><div class=\"fusion-builder-row fusion-row\"><div class=\"fusion-layout-column fusion_builder_column fusion-builder-column-3 fusion_builder_column_1_2 1_2 fusion-one-half fusion-column-first img-eqh-cover\" style=\"--awb-bg-image:url(&#039;https:\/\/moritzfaehse.de\/werbefotografie\/wp-content\/uploads\/2020\/06\/produkt-fotografie-image-nrw-niedersachsen.jpg&#039;);--awb-bg-position:center center;--awb-bg-size:cover;width:50%;width:calc(50% - ( ( 0 ) * 0.5 ) );margin-right: 0px;\" data-scroll-devices=\"small-visibility,medium-visibility,large-visibility\"><div class=\"fusion-column-wrapper fusion-column-has-shadow fusion-flex-column-wrapper-legacy fusion-empty-column-bg-image fusion-column-has-bg-image\" data-bg-url=\"https:\/\/moritzfaehse.de\/werbefotografie\/wp-content\/uploads\/2020\/06\/produkt-fotografie-image-nrw-niedersachsen.jpg\"><img decoding=\"async\" class=\"fusion-empty-dims-img-placeholder fusion-no-large-visibility\" src=\"data:image\/gif;base64,R0lGODlhAQABAAAAACH5BAEKAAEALAAAAAABAAEAAAICTAEAOw==\"><div class=\"fusion-clearfix\"><\/div><\/div><\/div><div class=\"fusion-layout-column fusion_builder_column fusion-builder-column-4 fusion_builder_column_1_2 1_2 fusion-one-half fusion-column-last\" style=\"--awb-padding-top:5%;--awb-padding-right:5%;--awb-padding-bottom:5%;--awb-padding-left:5%;--awb-bg-size:cover;--awb-border-color:#afafaf;--awb-border-top:1px;--awb-border-right:1px;--awb-border-bottom:1px;--awb-border-left:1px;--awb-border-style:solid;width:50%;width:calc(50% - ( ( 0 ) * 0.5 ) );\"><div class=\"fusion-column-wrapper fusion-column-has-shadow fusion-flex-column-wrapper-legacy\"><div class=\"fusion-column-content-centered\"><div class=\"fusion-column-content\"><div class=\"js-hm-form\" data-theme=\"modern\" data-form-id=\"78225f2c-ac4f-4b16-9c30-55213dca101a\"><\/div><script src=\"https:\/\/app.hochzeit.management:443\/ContactForm\/GetContactFormWidget\"><\/script><\/div><\/div><div class=\"fusion-clearfix\"><\/div><\/div><\/div><\/div><\/div><div class=\"fusion-fullwidth fullwidth-box fusion-builder-row-4 hundred-percent-fullwidth non-hundred-percent-height-scrolling\" style=\"--awb-border-radius-top-left:0px;--awb-border-radius-top-right:0px;--awb-border-radius-bottom-right:0px;--awb-border-radius-bottom-left:0px;--awb-padding-right:5%;--awb-padding-left:5%;--awb-flex-wrap:wrap;\" ><div class=\"fusion-builder-row fusion-row\"><div class=\"fusion-layout-column fusion_builder_column fusion-builder-column-5 fusion_builder_column_1_1 1_1 fusion-one-full fusion-column-first fusion-column-last\" style=\"--awb-bg-size:cover;\"><div class=\"fusion-column-wrapper fusion-column-has-shadow fusion-flex-column-wrapper-legacy\"><div class=\"fusion-sep-clear\"><\/div><div class=\"fusion-separator fusion-has-icon\" style=\"margin-left: auto;margin-right: auto;margin-top:8vh;margin-bottom:8vh;width:100%;max-width:60%;\"><div class=\"fusion-separator-border sep-single sep-solid\" style=\"--awb-height:20px;--awb-amount:20px;--awb-sep-color:rgba(255,150,71,0.87);border-color:rgba(255,150,71,0.87);border-top-width:2px;\"><\/div><span class=\"icon-wrapper\" style=\"border-color:rgba(255,150,71,0.87);background-color:#ffffff;font-size:22px;width: 1.75em; height: 1.75em;border-width:2px;padding:2px;margin-top:-1px\"><i class=\"fa-globe-europe fas\" style=\"font-size: inherit;color:rgba(255,150,71,0.87);\" aria-hidden=\"true\"><\/i><\/span><div class=\"fusion-separator-border sep-single sep-solid\" style=\"--awb-height:20px;--awb-amount:20px;--awb-sep-color:rgba(255,150,71,0.87);border-color:rgba(255,150,71,0.87);border-top-width:2px;\"><\/div><\/div><div class=\"fusion-sep-clear\"><\/div><div class=\"fusion-clearfix\"><\/div><\/div><\/div><\/div><\/div><div class=\"fusion-fullwidth fullwidth-box fusion-builder-row-5 hundred-percent-fullwidth non-hundred-percent-height-scrolling\" style=\"--awb-border-radius-top-left:0px;--awb-border-radius-top-right:0px;--awb-border-radius-bottom-right:0px;--awb-border-radius-bottom-left:0px;--awb-padding-right:5%;--awb-padding-left:5%;--awb-flex-wrap:wrap;\" id=\"map\" ><div class=\"fusion-builder-row fusion-row\"><div class=\"fusion-layout-column fusion_builder_column fusion-builder-column-6 fusion_builder_column_1_1 1_1 fusion-one-full fusion-column-first fusion-column-last\" style=\"--awb-padding-right:10%;--awb-padding-left:10%;--awb-bg-size:cover;\"><div class=\"fusion-column-wrapper fusion-column-has-shadow fusion-flex-column-wrapper-legacy\"><div class=\"fusion-title title fusion-title-2 fusion-sep-none fusion-title-center fusion-title-text fusion-title-size-two\" style=\"--awb-margin-top-small:0px;--awb-margin-right-small:0px;--awb-margin-bottom-small:20px;--awb-margin-left-small:0px;--awb-font-size:25px;\"><h2 class=\"fusion-title-heading title-heading-center fusion-responsive-typography-calculated\" style=\"margin:0;font-size:1em;--fontSize:25;line-height:1.2;\">Zwischen dem M\u00fcnsterland und dem Osnabr\u00fccker Land, nahe der A1 &#8211; Und nat\u00fcrlich \u00fcberall On Location<\/h2><\/div><div class=\"fusion-clearfix\"><\/div><\/div><\/div><div class=\"fusion-layout-column fusion_builder_column fusion-builder-column-7 fusion_builder_column_1_1 1_1 fusion-one-full fusion-column-first fusion-column-last\" style=\"--awb-padding-top:0px;--awb-padding-right:0px;--awb-padding-bottom:0px;--awb-padding-left:0px;--awb-bg-image:url(&#039;https:\/\/moritzfaehse.de\/werbefotografie\/wp-content\/uploads\/2020\/04\/maps-anfahrt-scaled.jpg&#039;);--awb-bg-position:center center;--awb-bg-size:cover;--awb-margin-bottom:0px;\"><div class=\"fusion-column-wrapper fusion-column-has-shadow fusion-flex-column-wrapper-legacy fusion-column-has-bg-image\" data-bg-url=\"https:\/\/moritzfaehse.de\/werbefotografie\/wp-content\/uploads\/2020\/04\/maps-anfahrt-scaled.jpg\"><div class=\"shortcode-map fusion-google-map fusion-maps-embed-type maps-privacy\"><iframe class=\"fusion-hidden\" data-privacy-type=\"gmaps\" src=\"\" width=\"100%\" height=\"600px\" frameborder=\"0\" style=\"border:0\" data-privacy-src=\"https:\/\/www.google.com\/maps\/embed\/v1\/place?key=AIzaSyBRRUz2iHib30CMPW9SqCssz3ySvQkNi8s&language=de&q=Auf+dem+Lohesch+28+49545+Tecklenburg+&maptype=roadmap&zoom=9\" allowfullscreen><\/iframe><div class=\"fusion-privacy-placeholder\" style=\"width:100%; height:600px;\" data-privacy-type=\"gmaps\"><div class=\"fusion-privacy-placeholder-content\"><div class=\"fusion-privacy-label\">Aus datenschutzrechtlichen Gr\u00fcnden ben\u00f6tigt Google Maps Ihre Einwilligung um geladen zu werden. Mehr Informationen finden Sie unter <a class=\"privacy-policy-link\" href=\"https:\/\/www.moritzfaehse.de\/werbefotografie\/datenschutzerklaerung\/\" rel=\"privacy-policy\">Datenschutzerkl\u00e4rung<\/a>.<\/div><button data-privacy-type=\"gmaps\" class=\"fusion-button button-default fusion-button-default-size button fusion-privacy-consent\">Akzeptieren<\/button><\/div><\/div><\/div><div class=\"fusion-clearfix\"><\/div><\/div><\/div><\/div><\/div><\/p>\n","protected":false},"excerpt":{"rendered":"","protected":false},"author":1,"featured_media":0,"parent":0,"menu_order":0,"comment_status":"closed","ping_status":"closed","template":"100-width.php","meta":{"footnotes":""},"class_list":["post-13","page","type-page","status-publish","hentry"],"yoast_head":"<!-- This site is optimized with the Yoast SEO plugin v27.5 - https:\/\/yoast.com\/product\/yoast-seo-wordpress\/ -->\n<title>Ihr Kontakt zu unserem Team - Moritz F\u00e4hse Photography<\/title>\n<meta name=\"description\" content=\"Ihr Kontakt zu uns. W\u00fcnschen Sie sich hochwertige Werbeaufnahmen f\u00fcr Ihr Unternehmen? Wir machen Ihnen gerne ein passendes Angebot.\" \/>\n<meta name=\"robots\" content=\"index, follow, max-snippet:-1, max-image-preview:large, max-video-preview:-1\" \/>\n<link rel=\"canonical\" href=\"https:\/\/www.moritzfaehse.de\/werbefotografie\/kontakt\/\" \/>\n<meta property=\"og:locale\" content=\"de_DE\" \/>\n<meta property=\"og:type\" content=\"article\" \/>\n<meta property=\"og:title\" content=\"Ihr Kontakt zu unserem Team - Moritz F\u00e4hse Photography\" \/>\n<meta property=\"og:description\" content=\"Ihr Kontakt zu uns. W\u00fcnschen Sie sich hochwertige Werbeaufnahmen f\u00fcr Ihr Unternehmen? Wir machen Ihnen gerne ein passendes Angebot.\" \/>\n<meta property=\"og:url\" content=\"https:\/\/www.moritzfaehse.de\/werbefotografie\/kontakt\/\" \/>\n<meta property=\"og:site_name\" content=\"Moritz F\u00e4hse Photography\" \/>\n<meta property=\"article:modified_time\" content=\"2024-02-19T03:33:23+00:00\" \/>\n<meta property=\"og:image\" content=\"https:\/\/www.moritzfaehse.de\/werbefotografie\/wp-content\/uploads\/2020\/06\/architektur-interieur-fotografie-hamburg-uebersee-quartier-haltestelle-002-1920x.jpg\" \/>\n\t<meta property=\"og:image:width\" content=\"1920\" \/>\n\t<meta property=\"og:image:height\" content=\"1536\" \/>\n\t<meta property=\"og:image:type\" content=\"image\/jpeg\" \/>\n<meta name=\"twitter:card\" content=\"summary_large_image\" \/>\n<meta name=\"twitter:label1\" content=\"Gesch\u00e4tzte Lesezeit\" \/>\n\t<meta name=\"twitter:data1\" content=\"1\u00a0Minute\" \/>\n<script type=\"application\/ld+json\" class=\"yoast-schema-graph\">{\"@context\":\"https:\\\/\\\/schema.org\",\"@graph\":[{\"@type\":\"WebPage\",\"@id\":\"https:\\\/\\\/www.moritzfaehse.de\\\/werbefotografie\\\/kontakt\\\/\",\"url\":\"https:\\\/\\\/www.moritzfaehse.de\\\/werbefotografie\\\/kontakt\\\/\",\"name\":\"Ihr Kontakt zu unserem Team - Moritz F\u00e4hse Photography\",\"isPartOf\":{\"@id\":\"https:\\\/\\\/www.moritzfaehse.de\\\/werbefotografie\\\/#website\"},\"datePublished\":\"2020-04-12T01:58:03+00:00\",\"dateModified\":\"2024-02-19T03:33:23+00:00\",\"description\":\"Ihr Kontakt zu uns. W\u00fcnschen Sie sich hochwertige Werbeaufnahmen f\u00fcr Ihr Unternehmen? Wir machen Ihnen gerne ein passendes Angebot.\",\"breadcrumb\":{\"@id\":\"https:\\\/\\\/www.moritzfaehse.de\\\/werbefotografie\\\/kontakt\\\/#breadcrumb\"},\"inLanguage\":\"de\",\"potentialAction\":[{\"@type\":\"ReadAction\",\"target\":[\"https:\\\/\\\/www.moritzfaehse.de\\\/werbefotografie\\\/kontakt\\\/\"]}]},{\"@type\":\"BreadcrumbList\",\"@id\":\"https:\\\/\\\/www.moritzfaehse.de\\\/werbefotografie\\\/kontakt\\\/#breadcrumb\",\"itemListElement\":[{\"@type\":\"ListItem\",\"position\":1,\"name\":\"Startseite\",\"item\":\"https:\\\/\\\/www.moritzfaehse.de\\\/werbefotografie\\\/\"},{\"@type\":\"ListItem\",\"position\":2,\"name\":\"Kontakt\"}]},{\"@type\":\"WebSite\",\"@id\":\"https:\\\/\\\/www.moritzfaehse.de\\\/werbefotografie\\\/#website\",\"url\":\"https:\\\/\\\/www.moritzfaehse.de\\\/werbefotografie\\\/\",\"name\":\"Moritz F\u00e4hse Photography\",\"description\":\"Werbefotografie im M\u00fcnsterland\",\"publisher\":{\"@id\":\"https:\\\/\\\/www.moritzfaehse.de\\\/werbefotografie\\\/#organization\"},\"potentialAction\":[{\"@type\":\"SearchAction\",\"target\":{\"@type\":\"EntryPoint\",\"urlTemplate\":\"https:\\\/\\\/www.moritzfaehse.de\\\/werbefotografie\\\/?s={search_term_string}\"},\"query-input\":{\"@type\":\"PropertyValueSpecification\",\"valueRequired\":true,\"valueName\":\"search_term_string\"}}],\"inLanguage\":\"de\"},{\"@type\":\"Organization\",\"@id\":\"https:\\\/\\\/www.moritzfaehse.de\\\/werbefotografie\\\/#organization\",\"name\":\"Moritz F\u00e4hse Photography |\u00a0Werbefotografie im M\u00fcnsterland\",\"url\":\"https:\\\/\\\/www.moritzfaehse.de\\\/werbefotografie\\\/\",\"logo\":{\"@type\":\"ImageObject\",\"inLanguage\":\"de\",\"@id\":\"https:\\\/\\\/www.moritzfaehse.de\\\/werbefotografie\\\/#\\\/schema\\\/logo\\\/image\\\/\",\"url\":\"https:\\\/\\\/www.moritzfaehse.de\\\/werbefotografie\\\/wp-content\\\/uploads\\\/2020\\\/06\\\/moritz-fa\u0308hse-photography-logo-1000.png\",\"contentUrl\":\"https:\\\/\\\/www.moritzfaehse.de\\\/werbefotografie\\\/wp-content\\\/uploads\\\/2020\\\/06\\\/moritz-fa\u0308hse-photography-logo-1000.png\",\"width\":1000,\"height\":71,\"caption\":\"Moritz F\u00e4hse Photography |\u00a0Werbefotografie im M\u00fcnsterland\"},\"image\":{\"@id\":\"https:\\\/\\\/www.moritzfaehse.de\\\/werbefotografie\\\/#\\\/schema\\\/logo\\\/image\\\/\"}}]}<\/script>\n<!-- \/ Yoast SEO plugin. -->","yoast_head_json":{"title":"Ihr Kontakt zu unserem Team - Moritz F\u00e4hse Photography","description":"Ihr Kontakt zu uns. W\u00fcnschen Sie sich hochwertige Werbeaufnahmen f\u00fcr Ihr Unternehmen? Wir machen Ihnen gerne ein passendes Angebot.","robots":{"index":"index","follow":"follow","max-snippet":"max-snippet:-1","max-image-preview":"max-image-preview:large","max-video-preview":"max-video-preview:-1"},"canonical":"https:\/\/www.moritzfaehse.de\/werbefotografie\/kontakt\/","og_locale":"de_DE","og_type":"article","og_title":"Ihr Kontakt zu unserem Team - Moritz F\u00e4hse Photography","og_description":"Ihr Kontakt zu uns. W\u00fcnschen Sie sich hochwertige Werbeaufnahmen f\u00fcr Ihr Unternehmen? Wir machen Ihnen gerne ein passendes Angebot.","og_url":"https:\/\/www.moritzfaehse.de\/werbefotografie\/kontakt\/","og_site_name":"Moritz F\u00e4hse Photography","article_modified_time":"2024-02-19T03:33:23+00:00","og_image":[{"width":1920,"height":1536,"url":"https:\/\/www.moritzfaehse.de\/werbefotografie\/wp-content\/uploads\/2020\/06\/architektur-interieur-fotografie-hamburg-uebersee-quartier-haltestelle-002-1920x.jpg","type":"image\/jpeg"}],"twitter_card":"summary_large_image","twitter_misc":{"Gesch\u00e4tzte Lesezeit":"1\u00a0Minute"},"schema":{"@context":"https:\/\/schema.org","@graph":[{"@type":"WebPage","@id":"https:\/\/www.moritzfaehse.de\/werbefotografie\/kontakt\/","url":"https:\/\/www.moritzfaehse.de\/werbefotografie\/kontakt\/","name":"Ihr Kontakt zu unserem Team - Moritz F\u00e4hse Photography","isPartOf":{"@id":"https:\/\/www.moritzfaehse.de\/werbefotografie\/#website"},"datePublished":"2020-04-12T01:58:03+00:00","dateModified":"2024-02-19T03:33:23+00:00","description":"Ihr Kontakt zu uns. W\u00fcnschen Sie sich hochwertige Werbeaufnahmen f\u00fcr Ihr Unternehmen? Wir machen Ihnen gerne ein passendes Angebot.","breadcrumb":{"@id":"https:\/\/www.moritzfaehse.de\/werbefotografie\/kontakt\/#breadcrumb"},"inLanguage":"de","potentialAction":[{"@type":"ReadAction","target":["https:\/\/www.moritzfaehse.de\/werbefotografie\/kontakt\/"]}]},{"@type":"BreadcrumbList","@id":"https:\/\/www.moritzfaehse.de\/werbefotografie\/kontakt\/#breadcrumb","itemListElement":[{"@type":"ListItem","position":1,"name":"Startseite","item":"https:\/\/www.moritzfaehse.de\/werbefotografie\/"},{"@type":"ListItem","position":2,"name":"Kontakt"}]},{"@type":"WebSite","@id":"https:\/\/www.moritzfaehse.de\/werbefotografie\/#website","url":"https:\/\/www.moritzfaehse.de\/werbefotografie\/","name":"Moritz F\u00e4hse Photography","description":"Werbefotografie im M\u00fcnsterland","publisher":{"@id":"https:\/\/www.moritzfaehse.de\/werbefotografie\/#organization"},"potentialAction":[{"@type":"SearchAction","target":{"@type":"EntryPoint","urlTemplate":"https:\/\/www.moritzfaehse.de\/werbefotografie\/?s={search_term_string}"},"query-input":{"@type":"PropertyValueSpecification","valueRequired":true,"valueName":"search_term_string"}}],"inLanguage":"de"},{"@type":"Organization","@id":"https:\/\/www.moritzfaehse.de\/werbefotografie\/#organization","name":"Moritz F\u00e4hse Photography |\u00a0Werbefotografie im M\u00fcnsterland","url":"https:\/\/www.moritzfaehse.de\/werbefotografie\/","logo":{"@type":"ImageObject","inLanguage":"de","@id":"https:\/\/www.moritzfaehse.de\/werbefotografie\/#\/schema\/logo\/image\/","url":"https:\/\/www.moritzfaehse.de\/werbefotografie\/wp-content\/uploads\/2020\/06\/moritz-fa\u0308hse-photography-logo-1000.png","contentUrl":"https:\/\/www.moritzfaehse.de\/werbefotografie\/wp-content\/uploads\/2020\/06\/moritz-fa\u0308hse-photography-logo-1000.png","width":1000,"height":71,"caption":"Moritz F\u00e4hse Photography |\u00a0Werbefotografie im M\u00fcnsterland"},"image":{"@id":"https:\/\/www.moritzfaehse.de\/werbefotografie\/#\/schema\/logo\/image\/"}}]}},"_links":{"self":[{"href":"https:\/\/www.moritzfaehse.de\/werbefotografie\/wp-json\/wp\/v2\/pages\/13","targetHints":{"allow":["GET"]}}],"collection":[{"href":"https:\/\/www.moritzfaehse.de\/werbefotografie\/wp-json\/wp\/v2\/pages"}],"about":[{"href":"https:\/\/www.moritzfaehse.de\/werbefotografie\/wp-json\/wp\/v2\/types\/page"}],"author":[{"embeddable":true,"href":"https:\/\/www.moritzfaehse.de\/werbefotografie\/wp-json\/wp\/v2\/users\/1"}],"replies":[{"embeddable":true,"href":"https:\/\/www.moritzfaehse.de\/werbefotografie\/wp-json\/wp\/v2\/comments?post=13"}],"version-history":[{"count":32,"href":"https:\/\/www.moritzfaehse.de\/werbefotografie\/wp-json\/wp\/v2\/pages\/13\/revisions"}],"predecessor-version":[{"id":1512,"href":"https:\/\/www.moritzfaehse.de\/werbefotografie\/wp-json\/wp\/v2\/pages\/13\/revisions\/1512"}],"wp:attachment":[{"href":"https:\/\/www.moritzfaehse.de\/werbefotografie\/wp-json\/wp\/v2\/media?parent=13"}],"curies":[{"name":"wp","href":"https:\/\/api.w.org\/{rel}","templated":true}]}}